{"id":1067,"date":"2026-04-03T14:40:00","date_gmt":"2026-04-03T12:40:00","guid":{"rendered":"https:\/\/www.frankhoppmann.de\/about-me\/"},"modified":"2026-05-08T11:17:48","modified_gmt":"2026-05-08T09:17:48","slug":"about","status":"publish","type":"page","link":"https:\/\/www.frankhoppmann.de\/en\/about\/","title":{"rendered":"About"},"content":{"rendered":"\n<div class=\"wp-block-group alignfull is-style-section-1 has-global-padding is-layout-constrained wp-container-core-group-is-layout-fd7faf85 wp-block-group-is-layout-constrained is-style-section-1--1\" style=\"min-height:100vh;margin-top:0;margin-bottom:0;padding-top:var(--wp--preset--spacing--80);padding-right:var(--wp--preset--spacing--80);padding-bottom:var(--wp--preset--spacing--80);padding-left:var(--wp--preset--spacing--80)\">\n<div class=\"wp-block-columns alignwide are-vertically-aligned-top is-layout-flex wp-container-core-columns-is-layout-633b684a wp-block-columns-is-layout-flex\">\n<div class=\"wp-block-column is-vertically-aligned-top is-layout-flow wp-block-column-is-layout-flow\" style=\"flex-basis:30%\">\n<figure class=\"wp-block-image aligncenter size-full has-custom-border\"><img loading=\"lazy\" decoding=\"async\" width=\"334\" height=\"334\" src=\"https:\/\/www.frankhoppmann.de\/wp-content\/uploads\/2026\/04\/5868592b-b940-476a-a90a-1ce7026cfe55-e1775816789347.avif\" alt=\"\" class=\"wp-image-1160\" style=\"border-top-left-radius:100%;border-top-right-radius:100%;border-bottom-left-radius:100%;border-bottom-right-radius:100%;aspect-ratio:1;object-fit:cover\" srcset=\"https:\/\/www.frankhoppmann.de\/wp-content\/uploads\/2026\/04\/5868592b-b940-476a-a90a-1ce7026cfe55-e1775816789347.avif 334w, https:\/\/www.frankhoppmann.de\/wp-content\/uploads\/2026\/04\/5868592b-b940-476a-a90a-1ce7026cfe55-e1775816789347-300x300.avif 300w, https:\/\/www.frankhoppmann.de\/wp-content\/uploads\/2026\/04\/5868592b-b940-476a-a90a-1ce7026cfe55-e1775816789347-150x150.avif 150w, https:\/\/www.frankhoppmann.de\/wp-content\/uploads\/2026\/04\/5868592b-b940-476a-a90a-1ce7026cfe55-e1775816789347-100x100.avif 100w\" sizes=\"auto, (max-width: 334px) 100vw, 334px\" \/><\/figure>\n<\/div>\n\n\n\n<div class=\"wp-block-column is-vertically-aligned-top is-layout-flow wp-block-column-is-layout-flow\" style=\"flex-basis:70%\">\n<div class=\"wp-block-group is-vertical is-content-justification-stretch is-layout-flex wp-container-core-group-is-layout-d8dce8eb wp-block-group-is-layout-flex\">\n<h2 class=\"wp-block-heading has-text-align-left\">Frank Hoppmann<\/h2>\n\n\n\n<div data-wp-context=\"{ &quot;autoclose&quot;: false, &quot;accordionItems&quot;: [] }\" data-wp-interactive=\"core\/accordion\" role=\"group\" class=\"wp-block-accordion is-layout-flow wp-container-core-accordion-is-layout-c6aab7f7 wp-block-accordion-is-layout-flow\">\n<div data-wp-class--is-open=\"state.isOpen\" data-wp-context=\"{ &quot;id&quot;: &quot;accordion-item-2&quot;, &quot;openByDefault&quot;: true }\" data-wp-init=\"callbacks.initAccordionItems\" data-wp-on-window--hashchange=\"callbacks.hashChange\" class=\"wp-block-accordion-item is-open is-layout-flow wp-block-accordion-item-is-layout-flow\">\n<h3 class=\"wp-block-accordion-heading has-base-color has-text-color has-background has-link-color has-medium-font-size wp-elements-1\" style=\"background-color:#03b2cb\"><button aria-expanded=\"true\" aria-controls=\"accordion-item-2-panel\" data-wp-bind--aria-expanded=\"state.isOpen\" data-wp-on--click=\"actions.toggle\" id=\"accordion-item-2\" type=\"button\" class=\"wp-block-accordion-heading__toggle\" style=\"padding-top:var(--wp--preset--spacing--30);padding-right:var(--wp--preset--spacing--30);padding-bottom:var(--wp--preset--spacing--30);padding-left:var(--wp--preset--spacing--30)\"><span class=\"wp-block-accordion-heading__toggle-title\">BIO<\/span><span class=\"wp-block-accordion-heading__toggle-icon\" aria-hidden=\"true\">+<\/span><\/button><\/h3>\n\n\n\n<div aria-labelledby=\"accordion-item-2\" data-wp-bind--hidden=\"state.isHidden\" data-wp-on--beforematch=\"actions.handleBeforeMatch\" id=\"accordion-item-2-panel\" role=\"region\" class=\"wp-block-accordion-panel is-layout-flow wp-block-accordion-panel-is-layout-flow\" style=\"padding-bottom:var(--wp--preset--spacing--30)\">\n<p class=\"has-small-font-size wp-block-paragraph\">. . . was born in 1975 in Emsland, Germany and grew up there. From 1996 to 2002 he studied design at the M\u00fcnster University of Applied Sciences, specializing in drawing, illustration and printmaking. Between 1998 and 2008 he worked as a court illustrator for print and television media, among other things. His diploma thesis was entitled &#8220;Spirits lovers have many faces&#8221; and was completed in 2002.<\/p>\n\n\n\n<p class=\"has-small-font-size wp-block-paragraph\">From 2003 to 2014 Hoppmann worked as an illustrator for ROLLING STONE magazine. In 2005 he met the well-known artist Tomi Ungerer for the first time. From 2005 to 2016 he regularly drew for DIE WELT and WELT AM SONNTAG. In 2016 he created an award-winning and internationally published portrait of Donald Trump, which appeared in the LOS ANGELES TIMES, among others.<\/p>\n\n\n\n<p class=\"has-small-font-size wp-block-paragraph\">Frank Hoppmann has received numerous awards, including the World Press Cartoon Award in Lisbon, the German Cartoon Prize in Dresden and the Grand Thomas Nast Prize. Further honors came from the Art Directors Club Germany, the SOCIETY FOR NEWS DESIGN in Orlando and 3\u00d73 magazine in New York.<\/p>\n\n\n\n<p class=\"has-small-font-size wp-block-paragraph\">His works have been shown in national and international exhibitions, including the Tomi Ungerer Museum in Strasbourg, the Caricatura Museum Frankfurt, the Caricature Museum Krems, the Wilhelmsh\u00f6he Palace in Kassel, the Vejle Art Museum in Denmark, the Horst Janssen Museum in Oldenburg, the Bomann Museum in Celle and the Goethe Institute in Paris.<\/p>\n\n\n\n<p class=\"has-small-font-size wp-block-paragraph\">Today Frank Hoppmann lives and works as a freelance painter, draftsman and illustrator in M\u00fcnster, North Rhine-Westphalia.<\/p>\n<\/div>\n<\/div>\n\n\n\n<div data-wp-class--is-open=\"state.isOpen\" data-wp-context=\"{ &quot;id&quot;: &quot;accordion-item-3&quot;, &quot;openByDefault&quot;: false }\" data-wp-init=\"callbacks.initAccordionItems\" data-wp-on-window--hashchange=\"callbacks.hashChange\" class=\"wp-block-accordion-item is-layout-flow wp-block-accordion-item-is-layout-flow\">\n<h3 class=\"wp-block-accordion-heading has-base-color has-text-color has-background has-link-color has-medium-font-size wp-elements-2\" style=\"background-color:#03b2cb\"><button aria-expanded=\"false\" aria-controls=\"accordion-item-3-panel\" data-wp-bind--aria-expanded=\"state.isOpen\" data-wp-on--click=\"actions.toggle\" id=\"accordion-item-3\" type=\"button\" class=\"wp-block-accordion-heading__toggle\" style=\"padding-top:var(--wp--preset--spacing--30);padding-right:var(--wp--preset--spacing--30);padding-bottom:var(--wp--preset--spacing--30);padding-left:var(--wp--preset--spacing--30)\"><span class=\"wp-block-accordion-heading__toggle-title\">Vita<\/span><span class=\"wp-block-accordion-heading__toggle-icon\" aria-hidden=\"true\">+<\/span><\/button><\/h3>\n\n\n\n<div aria-labelledby=\"accordion-item-3\" data-wp-bind--hidden=\"state.isHidden\" data-wp-on--beforematch=\"actions.handleBeforeMatch\" id=\"accordion-item-3-panel\" role=\"region\" class=\"wp-block-accordion-panel is-layout-flow wp-block-accordion-panel-is-layout-flow\" style=\"padding-bottom:var(--wp--preset--spacing--30)\">\n<div class=\"wp-block-columns alignwide is-not-stacked-on-mobile has-small-font-size is-layout-flex wp-container-core-columns-is-layout-794e3cfa wp-block-columns-is-layout-flex\">\n<div class=\"wp-block-column is-layout-flow wp-block-column-is-layout-flow\" style=\"flex-basis:150px\">\n<p class=\"has-medium-font-size wp-block-paragraph\">1975<\/p>\n<\/div>\n\n\n\n<div class=\"wp-block-column is-layout-flow wp-block-column-is-layout-flow\" style=\"flex-basis:95%\">\n<p class=\"wp-block-paragraph\"> Born and grew up in Emsland, Lower Saxony, Germany<\/p>\n<\/div>\n<\/div>\n\n\n\n<div class=\"wp-block-columns alignwide is-not-stacked-on-mobile has-small-font-size is-layout-flex wp-container-core-columns-is-layout-794e3cfa wp-block-columns-is-layout-flex\">\n<div class=\"wp-block-column is-layout-flow wp-block-column-is-layout-flow\" style=\"flex-basis:150px\">\n<p class=\"has-medium-font-size wp-block-paragraph\">1996 \u2013 2002<\/p>\n<\/div>\n\n\n\n<div class=\"wp-block-column is-layout-flow wp-block-column-is-layout-flow\" style=\"flex-basis:95%\">\n<p class=\"wp-block-paragraph\">From 1996 to 2002 he studied design at the M\u00fcnster University of Applied Sciences, specializing in drawing, illustration and printmaking.<\/p>\n<\/div>\n<\/div>\n\n\n\n<div class=\"wp-block-columns alignwide is-not-stacked-on-mobile has-small-font-size is-layout-flex wp-container-core-columns-is-layout-794e3cfa wp-block-columns-is-layout-flex\">\n<div class=\"wp-block-column is-layout-flow wp-block-column-is-layout-flow\" style=\"flex-basis:150px\">\n<p class=\"has-medium-font-size wp-block-paragraph\">1997<\/p>\n<\/div>\n\n\n\n<div class=\"wp-block-column is-layout-flow wp-block-column-is-layout-flow\" style=\"flex-basis:95%\">\n<p class=\"wp-block-paragraph\">Between 1998 and 2008 he worked as a court illustrator for print and television media, among other things.<\/p>\n<\/div>\n<\/div>\n\n\n\n<div class=\"wp-block-columns alignwide is-not-stacked-on-mobile has-small-font-size is-layout-flex wp-container-core-columns-is-layout-794e3cfa wp-block-columns-is-layout-flex\">\n<div class=\"wp-block-column is-layout-flow wp-block-column-is-layout-flow\" style=\"flex-basis:150px\">\n<p class=\"has-medium-font-size wp-block-paragraph\">2000<\/p>\n<\/div>\n\n\n\n<div class=\"wp-block-column is-layout-flow wp-block-column-is-layout-flow\" style=\"flex-basis:95%\">\n<p class=\"wp-block-paragraph\">Caricaturist for the M\u00fcnstersche Zeitung<\/p>\n<\/div>\n<\/div>\n\n\n\n<div class=\"wp-block-columns alignwide is-not-stacked-on-mobile has-small-font-size is-layout-flex wp-container-core-columns-is-layout-794e3cfa wp-block-columns-is-layout-flex\">\n<div class=\"wp-block-column is-layout-flow wp-block-column-is-layout-flow\" style=\"flex-basis:150px\">\n<p class=\"has-medium-font-size wp-block-paragraph\">1998<\/p>\n<\/div>\n\n\n\n<div class=\"wp-block-column is-layout-flow wp-block-column-is-layout-flow\" style=\"flex-basis:95%\">\n<p class=\"wp-block-paragraph\">First work with court drawings, a little later also for major television channels, newspapers and magazines<\/p>\n<\/div>\n<\/div>\n\n\n\n<div class=\"wp-block-columns alignwide is-not-stacked-on-mobile has-small-font-size is-layout-flex wp-container-core-columns-is-layout-794e3cfa wp-block-columns-is-layout-flex\">\n<div class=\"wp-block-column is-layout-flow wp-block-column-is-layout-flow\" style=\"flex-basis:150px\">\n<p class=\"has-medium-font-size wp-block-paragraph\">2002<\/p>\n<\/div>\n\n\n\n<div class=\"wp-block-column is-layout-flow wp-block-column-is-layout-flow\" style=\"flex-basis:95%\">\n<p class=\"wp-block-paragraph\">Diploma thesis with the title Spirits love has many faces; a satirical, socially critical series with over 50 large-format portraits and around 200 sketches of drunk women and men<\/p>\n<\/div>\n<\/div>\n\n\n\n<div class=\"wp-block-columns alignwide is-not-stacked-on-mobile has-small-font-size is-layout-flex wp-container-core-columns-is-layout-794e3cfa wp-block-columns-is-layout-flex\">\n<div class=\"wp-block-column is-layout-flow wp-block-column-is-layout-flow\" style=\"flex-basis:150px\">\n<p class=\"has-medium-font-size wp-block-paragraph\">2002<\/p>\n<\/div>\n\n\n\n<div class=\"wp-block-column is-layout-flow wp-block-column-is-layout-flow\" style=\"flex-basis:95%\">\n<p class=\"wp-block-paragraph\">Started freelance work as a draftsman, including for large magazines such as Handelsblatt and various magazines<\/p>\n<\/div>\n<\/div>\n\n\n\n<div class=\"wp-block-columns alignwide is-not-stacked-on-mobile has-small-font-size is-layout-flex wp-container-core-columns-is-layout-794e3cfa wp-block-columns-is-layout-flex\">\n<div class=\"wp-block-column is-layout-flow wp-block-column-is-layout-flow\" style=\"flex-basis:150px\">\n<p class=\"has-medium-font-size wp-block-paragraph\">2003<\/p>\n<\/div>\n\n\n\n<div class=\"wp-block-column is-layout-flow wp-block-column-is-layout-flow\" style=\"flex-basis:95%\">\n<p class=\"wp-block-paragraph\"> Start of a ten-year collaboration with Rolling Stone<\/p>\n<\/div>\n<\/div>\n\n\n\n<div class=\"wp-block-columns alignwide is-not-stacked-on-mobile has-small-font-size is-layout-flex wp-container-core-columns-is-layout-794e3cfa wp-block-columns-is-layout-flex\">\n<div class=\"wp-block-column is-layout-flow wp-block-column-is-layout-flow\" style=\"flex-basis:150px\">\n<p class=\"has-medium-font-size wp-block-paragraph\">2005<\/p>\n<\/div>\n\n\n\n<div class=\"wp-block-column is-layout-flow wp-block-column-is-layout-flow\" style=\"flex-basis:95%\">\n<p class=\"wp-block-paragraph\"> e.o.plauen sponsorship prize, first encounter with the illustrator Tomi Ungerer, who received the main prize<\/p>\n<\/div>\n<\/div>\n\n\n\n<div class=\"wp-block-columns alignwide is-not-stacked-on-mobile has-small-font-size is-layout-flex wp-container-core-columns-is-layout-794e3cfa wp-block-columns-is-layout-flex\">\n<div class=\"wp-block-column is-layout-flow wp-block-column-is-layout-flow\" style=\"flex-basis:150px\">\n<p class=\"has-medium-font-size wp-block-paragraph\">2005<\/p>\n<\/div>\n\n\n\n<div class=\"wp-block-column is-layout-flow wp-block-column-is-layout-flow\" style=\"flex-basis:95%\">\n<p class=\"wp-block-paragraph\">Start of a permanent collaboration with Welt and Welt am Sonntag<\/p>\n<\/div>\n<\/div>\n\n\n\n<div class=\"wp-block-columns alignwide is-not-stacked-on-mobile has-small-font-size is-layout-flex wp-container-core-columns-is-layout-794e3cfa wp-block-columns-is-layout-flex\">\n<div class=\"wp-block-column is-layout-flow wp-block-column-is-layout-flow\" style=\"flex-basis:150px\">\n<p class=\"has-medium-font-size wp-block-paragraph\">2005<\/p>\n<\/div>\n\n\n\n<div class=\"wp-block-column is-layout-flow wp-block-column-is-layout-flow\" style=\"flex-basis:95%\">\n<p class=\"wp-block-paragraph\">Second place in the Flashback, the German prize for political photography and caricature<\/p>\n<\/div>\n<\/div>\n\n\n\n<div class=\"wp-block-columns alignwide is-not-stacked-on-mobile has-small-font-size is-layout-flex wp-container-core-columns-is-layout-794e3cfa wp-block-columns-is-layout-flex\">\n<div class=\"wp-block-column is-layout-flow wp-block-column-is-layout-flow\" style=\"flex-basis:150px\">\n<p class=\"has-medium-font-size wp-block-paragraph\">2007<\/p>\n<\/div>\n\n\n\n<div class=\"wp-block-column is-layout-flow wp-block-column-is-layout-flow\" style=\"flex-basis:95%\">\n<p class=\"wp-block-paragraph\">Artist scholarship from the Emsl\u00e4ndische Landschaft e.V., stays in S\u00f6gel and Nordhorn, with subsequent exhibitions under the title Exaggeration &#8211; Alienation &#8211; Grotesque, first intensive engagement with the fly, the pig<\/p>\n<\/div>\n<\/div>\n\n\n\n<div class=\"wp-block-columns alignwide is-not-stacked-on-mobile has-small-font-size is-layout-flex wp-container-core-columns-is-layout-794e3cfa wp-block-columns-is-layout-flex\">\n<div class=\"wp-block-column is-layout-flow wp-block-column-is-layout-flow\" style=\"flex-basis:150px\">\n<p class=\"has-medium-font-size wp-block-paragraph\">2007<\/p>\n<\/div>\n\n\n\n<div class=\"wp-block-column is-layout-flow wp-block-column-is-layout-flow\" style=\"flex-basis:95%\">\n<p class=\"wp-block-paragraph\">Participation in the exhibition Till Forever &#8211; Receptions of Eulenspiegel in our time, Bomann Museum, Celle<\/p>\n<\/div>\n<\/div>\n\n\n\n<div class=\"wp-block-columns alignwide is-not-stacked-on-mobile has-small-font-size is-layout-flex wp-container-core-columns-is-layout-794e3cfa wp-block-columns-is-layout-flex\">\n<div class=\"wp-block-column is-layout-flow wp-block-column-is-layout-flow\" style=\"flex-basis:150px\">\n<p class=\"has-medium-font-size wp-block-paragraph\">2008<\/p>\n<\/div>\n\n\n\n<div class=\"wp-block-column is-layout-flow wp-block-column-is-layout-flow\" style=\"flex-basis:95%\">\n<p class=\"wp-block-paragraph\">Invitation from F.W.Bernstein to take part in his 70th anniversary exhibition at the Caricatura Gallery in Kassel<\/p>\n<\/div>\n<\/div>\n\n\n\n<div class=\"wp-block-columns alignwide is-not-stacked-on-mobile has-small-font-size is-layout-flex wp-container-core-columns-is-layout-794e3cfa wp-block-columns-is-layout-flex\">\n<div class=\"wp-block-column is-layout-flow wp-block-column-is-layout-flow\" style=\"flex-basis:150px\">\n<p class=\"has-medium-font-size wp-block-paragraph\">2008<\/p>\n<\/div>\n\n\n\n<div class=\"wp-block-column is-layout-flow wp-block-column-is-layout-flow\" style=\"flex-basis:95%\">\n<p class=\"wp-block-paragraph\">Exhibition participation Whatever is popular: is also allowed! The great descendants of Wilhelm Busch, Museum Seesen <\/p>\n<\/div>\n<\/div>\n\n\n\n<div class=\"wp-block-columns alignwide is-not-stacked-on-mobile has-small-font-size is-layout-flex wp-container-core-columns-is-layout-794e3cfa wp-block-columns-is-layout-flex\">\n<div class=\"wp-block-column is-layout-flow wp-block-column-is-layout-flow\" style=\"flex-basis:150px\">\n<p class=\"has-medium-font-size wp-block-paragraph\">2009<\/p>\n<\/div>\n\n\n\n<div class=\"wp-block-column is-layout-flow wp-block-column-is-layout-flow\" style=\"flex-basis:95%\">\n<p class=\"wp-block-paragraph\">First place at the German Cartoon Prize, Frankfurt<\/p>\n<\/div>\n<\/div>\n\n\n\n<div class=\"wp-block-columns alignwide is-not-stacked-on-mobile has-small-font-size is-layout-flex wp-container-core-columns-is-layout-794e3cfa wp-block-columns-is-layout-flex\">\n<div class=\"wp-block-column is-layout-flow wp-block-column-is-layout-flow\" style=\"flex-basis:150px\">\n<p class=\"has-medium-font-size wp-block-paragraph\">2011<\/p>\n<\/div>\n\n\n\n<div class=\"wp-block-column is-layout-flow wp-block-column-is-layout-flow\" style=\"flex-basis:95%\">\n<p class=\"wp-block-paragraph\">Group exhibition GO TO THE MUSEUM!, anniversary show on the occasion of the 10th birthday of the Caricature Museum Krems, Austria<\/p>\n<\/div>\n<\/div>\n\n\n\n<div class=\"wp-block-columns alignwide is-not-stacked-on-mobile has-small-font-size is-layout-flex wp-container-core-columns-is-layout-794e3cfa wp-block-columns-is-layout-flex\">\n<div class=\"wp-block-column is-layout-flow wp-block-column-is-layout-flow\" style=\"flex-basis:150px\">\n<p class=\"has-medium-font-size wp-block-paragraph\">2011<\/p>\n<\/div>\n\n\n\n<div class=\"wp-block-column is-layout-flow wp-block-column-is-layout-flow\" style=\"flex-basis:95%\">\n<p class=\"wp-block-paragraph\">Participation in the 7th Biennale of Satirical Drawing, City History Museum, Leipzig<\/p>\n<\/div>\n<\/div>\n\n\n\n<div class=\"wp-block-columns alignwide is-not-stacked-on-mobile has-small-font-size is-layout-flex wp-container-core-columns-is-layout-794e3cfa wp-block-columns-is-layout-flex\">\n<div class=\"wp-block-column is-layout-flow wp-block-column-is-layout-flow\" style=\"flex-basis:150px\">\n<p class=\"has-medium-font-size wp-block-paragraph\">2011<\/p>\n<\/div>\n\n\n\n<div class=\"wp-block-column is-layout-flow wp-block-column-is-layout-flow\" style=\"flex-basis:95%\">\n<p class=\"wp-block-paragraph\">26th International Biennale of Humor in Art, Tolentino, Italy<\/p>\n<\/div>\n<\/div>\n\n\n\n<div class=\"wp-block-columns alignwide is-not-stacked-on-mobile has-small-font-size is-layout-flex wp-container-core-columns-is-layout-794e3cfa wp-block-columns-is-layout-flex\">\n<div class=\"wp-block-column is-layout-flow wp-block-column-is-layout-flow\" style=\"flex-basis:150px\">\n<p class=\"has-medium-font-size wp-block-paragraph\">2012<\/p>\n<\/div>\n\n\n\n<div class=\"wp-block-column is-layout-flow wp-block-column-is-layout-flow\" style=\"flex-basis:95%\">\n<p class=\"wp-block-paragraph\">Volume in the Masters of Comic Art series; a library with the most important German-speaking artists of comic art<\/p>\n<\/div>\n<\/div>\n\n\n\n<div class=\"wp-block-columns alignwide is-not-stacked-on-mobile has-small-font-size is-layout-flex wp-container-core-columns-is-layout-794e3cfa wp-block-columns-is-layout-flex\">\n<div class=\"wp-block-column is-layout-flow wp-block-column-is-layout-flow\" style=\"flex-basis:150px\">\n<p class=\"has-medium-font-size wp-block-paragraph\">2012<\/p>\n<\/div>\n\n\n\n<div class=\"wp-block-column is-layout-flow wp-block-column-is-layout-flow\" style=\"flex-basis:95%\">\n<p class=\"wp-block-paragraph\">Personal exhibition Political Heads &#8211; Satirical Portraits, Lower Saxony State Parliament, Hanover<\/p>\n<\/div>\n<\/div>\n\n\n\n<div class=\"wp-block-columns alignwide is-not-stacked-on-mobile has-small-font-size is-layout-flex wp-container-core-columns-is-layout-794e3cfa wp-block-columns-is-layout-flex\">\n<div class=\"wp-block-column is-layout-flow wp-block-column-is-layout-flow\" style=\"flex-basis:150px\">\n<p class=\"has-medium-font-size wp-block-paragraph\">2012<\/p>\n<\/div>\n\n\n\n<div class=\"wp-block-column is-layout-flow wp-block-column-is-layout-flow\" style=\"flex-basis:95%\">\n<p class=\"wp-block-paragraph\">Award of Excellence from the European Newspaper Award<\/p>\n<\/div>\n<\/div>\n\n\n\n<div class=\"wp-block-columns alignwide is-not-stacked-on-mobile has-small-font-size is-layout-flex wp-container-core-columns-is-layout-794e3cfa wp-block-columns-is-layout-flex\">\n<div class=\"wp-block-column is-layout-flow wp-block-column-is-layout-flow\" style=\"flex-basis:150px\">\n<p class=\"has-medium-font-size wp-block-paragraph\">2013<\/p>\n<\/div>\n\n\n\n<div class=\"wp-block-column is-layout-flow wp-block-column-is-layout-flow\" style=\"flex-basis:95%\">\n<p class=\"wp-block-paragraph\">Participation in the exhibition From Duel to Duet &#8211; The history of German-French relations from 1870 to today based on the satirical drawing, Museum Tomi Ungerer, Strasbourg<\/p>\n<\/div>\n<\/div>\n\n\n\n<div class=\"wp-block-columns alignwide is-not-stacked-on-mobile has-small-font-size is-layout-flex wp-container-core-columns-is-layout-794e3cfa wp-block-columns-is-layout-flex\">\n<div class=\"wp-block-column is-layout-flow wp-block-column-is-layout-flow\" style=\"flex-basis:150px\">\n<p class=\"has-medium-font-size wp-block-paragraph\">2013<\/p>\n<\/div>\n\n\n\n<div class=\"wp-block-column is-layout-flow wp-block-column-is-layout-flow\" style=\"flex-basis:95%\">\n<p class=\"wp-block-paragraph\">8th Biennale of Satirical Drawing, City History Museum, Leipzig<\/p>\n<\/div>\n<\/div>\n\n\n\n<div class=\"wp-block-columns alignwide is-not-stacked-on-mobile has-small-font-size is-layout-flex wp-container-core-columns-is-layout-794e3cfa wp-block-columns-is-layout-flex\">\n<div class=\"wp-block-column is-layout-flow wp-block-column-is-layout-flow\" style=\"flex-basis:150px\">\n<p class=\"has-medium-font-size wp-block-paragraph\">2014<\/p>\n<\/div>\n\n\n\n<div class=\"wp-block-column is-layout-flow wp-block-column-is-layout-flow\" style=\"flex-basis:95%\">\n<p class=\"wp-block-paragraph\">Award from the Art Directors Club Germany (ADC) e.V.<\/p>\n<\/div>\n<\/div>\n\n\n\n<div class=\"wp-block-columns alignwide is-not-stacked-on-mobile has-small-font-size is-layout-flex wp-container-core-columns-is-layout-794e3cfa wp-block-columns-is-layout-flex\">\n<div class=\"wp-block-column is-layout-flow wp-block-column-is-layout-flow\" style=\"flex-basis:150px\">\n<p class=\"has-medium-font-size wp-block-paragraph\">2014<\/p>\n<\/div>\n\n\n\n<div class=\"wp-block-column is-layout-flow wp-block-column-is-layout-flow\" style=\"flex-basis:95%\">\n<p class=\"wp-block-paragraph\">Award of Excellence from the SOCIETY FOR NEWS DESIGN<\/p>\n<\/div>\n<\/div>\n\n\n\n<div class=\"wp-block-columns alignwide is-not-stacked-on-mobile has-small-font-size is-layout-flex wp-container-core-columns-is-layout-794e3cfa wp-block-columns-is-layout-flex\">\n<div class=\"wp-block-column is-layout-flow wp-block-column-is-layout-flow\" style=\"flex-basis:150px\">\n<p class=\"has-medium-font-size wp-block-paragraph\">2015<\/p>\n<\/div>\n\n\n\n<div class=\"wp-block-column is-layout-flow wp-block-column-is-layout-flow\" style=\"flex-basis:95%\">\n<p class=\"wp-block-paragraph\">First children&#8217;s book Pit and Peggs; a joint project, the concept originally comes from the Jewish painter Felix Nussbaum, who was murdered in Auschwitz in 1944<\/p>\n<\/div>\n<\/div>\n\n\n\n<div class=\"wp-block-columns alignwide is-not-stacked-on-mobile has-small-font-size is-layout-flex wp-container-core-columns-is-layout-794e3cfa wp-block-columns-is-layout-flex\">\n<div class=\"wp-block-column is-layout-flow wp-block-column-is-layout-flow\" style=\"flex-basis:150px\">\n<p class=\"has-medium-font-size wp-block-paragraph\">2015<\/p>\n<\/div>\n\n\n\n<div class=\"wp-block-column is-layout-flow wp-block-column-is-layout-flow\" style=\"flex-basis:95%\">\n<p class=\"wp-block-paragraph\">Exhibition participation Lichtenberg reloaded! A homage, Wilhelm Busch \u2013 German Museum for Caricature and Drawing in Hanover, together with Horst Janssen, Robert Gernhardt and Loriot among others. <\/p>\n<\/div>\n<\/div>\n\n\n\n<div class=\"wp-block-columns alignwide is-not-stacked-on-mobile has-small-font-size is-layout-flex wp-container-core-columns-is-layout-794e3cfa wp-block-columns-is-layout-flex\">\n<div class=\"wp-block-column is-layout-flow wp-block-column-is-layout-flow\" style=\"flex-basis:150px\">\n<p class=\"has-medium-font-size wp-block-paragraph\">2016<\/p>\n<\/div>\n\n\n\n<div class=\"wp-block-column is-layout-flow wp-block-column-is-layout-flow\" style=\"flex-basis:95%\">\n<p class=\"wp-block-paragraph\">Participation in an exhibition for Tomi Ungerer&#8217;s 85th birthday in the Tomi Ungerer Museum, Strasbourg<\/p>\n<\/div>\n<\/div>\n\n\n\n<div class=\"wp-block-columns alignwide is-not-stacked-on-mobile has-small-font-size is-layout-flex wp-container-core-columns-is-layout-794e3cfa wp-block-columns-is-layout-flex\">\n<div class=\"wp-block-column is-layout-flow wp-block-column-is-layout-flow\" style=\"flex-basis:150px\">\n<p class=\"has-medium-font-size wp-block-paragraph\">2016<\/p>\n<\/div>\n\n\n\n<div class=\"wp-block-column is-layout-flow wp-block-column-is-layout-flow\" style=\"flex-basis:95%\">\n<p class=\"wp-block-paragraph\">Publication of the Donald Trump portrait in the Los Angeles Times<\/p>\n<\/div>\n<\/div>\n\n\n\n<div class=\"wp-block-columns alignwide is-not-stacked-on-mobile has-small-font-size is-layout-flex wp-container-core-columns-is-layout-794e3cfa wp-block-columns-is-layout-flex\">\n<div class=\"wp-block-column is-layout-flow wp-block-column-is-layout-flow\" style=\"flex-basis:150px\">\n<p class=\"has-medium-font-size wp-block-paragraph\">2015 \u2013 2019<\/p>\n<\/div>\n\n\n\n<div class=\"wp-block-column is-layout-flow wp-block-column-is-layout-flow\" style=\"flex-basis:95%\">\n<p class=\"wp-block-paragraph\">Lecturer in drawing at the MSD M\u00fcnster University of Applied Sciences<\/p>\n<\/div>\n<\/div>\n\n\n\n<div class=\"wp-block-columns alignwide is-not-stacked-on-mobile has-small-font-size is-layout-flex wp-container-core-columns-is-layout-794e3cfa wp-block-columns-is-layout-flex\">\n<div class=\"wp-block-column is-layout-flow wp-block-column-is-layout-flow\" style=\"flex-basis:150px\">\n<p class=\"has-medium-font-size wp-block-paragraph\">2017<\/p>\n<\/div>\n\n\n\n<div class=\"wp-block-column is-layout-flow wp-block-column-is-layout-flow\" style=\"flex-basis:95%\">\n<p class=\"wp-block-paragraph\">Participation in the exhibition 300 Years of Hercules &#8211; Rebirth of a Hero, Wilhelmsh\u00f6he Castle, Museumslandschaft Hessen Kassel<\/p>\n<\/div>\n<\/div>\n\n\n\n<div class=\"wp-block-columns alignwide is-not-stacked-on-mobile has-small-font-size is-layout-flex wp-container-core-columns-is-layout-794e3cfa wp-block-columns-is-layout-flex\">\n<div class=\"wp-block-column is-layout-flow wp-block-column-is-layout-flow\" style=\"flex-basis:150px\">\n<p class=\"has-medium-font-size wp-block-paragraph\">2017<\/p>\n<\/div>\n\n\n\n<div class=\"wp-block-column is-layout-flow wp-block-column-is-layout-flow\" style=\"flex-basis:95%\">\n<p class=\"wp-block-paragraph\">Exhibition The Wonderful World of Pictures, e.o.plauen &amp; Frank Hoppmann<\/p>\n<\/div>\n<\/div>\n\n\n\n<div class=\"wp-block-columns alignwide is-not-stacked-on-mobile has-small-font-size is-layout-flex wp-container-core-columns-is-layout-794e3cfa wp-block-columns-is-layout-flex\">\n<div class=\"wp-block-column is-layout-flow wp-block-column-is-layout-flow\" style=\"flex-basis:150px\">\n<p class=\"has-medium-font-size wp-block-paragraph\">2017<\/p>\n<\/div>\n\n\n\n<div class=\"wp-block-column is-layout-flow wp-block-column-is-layout-flow\" style=\"flex-basis:95%\">\n<p class=\"wp-block-paragraph\">Exhibition Vis\u2013\u00e0\u2013vis\u2013\u00e0\u2013vis Satirical portraits of German Chancellors and French Presidents after 1945 in the Simplicissimus House Renchen<\/p>\n<\/div>\n<\/div>\n\n\n\n<div class=\"wp-block-columns alignwide is-not-stacked-on-mobile has-small-font-size is-layout-flex wp-container-core-columns-is-layout-794e3cfa wp-block-columns-is-layout-flex\">\n<div class=\"wp-block-column is-layout-flow wp-block-column-is-layout-flow\" style=\"flex-basis:150px\">\n<p class=\"has-medium-font-size wp-block-paragraph\">2017<\/p>\n<\/div>\n\n\n\n<div class=\"wp-block-column is-layout-flow wp-block-column-is-layout-flow\" style=\"flex-basis:95%\">\n<p class=\"wp-block-paragraph\">Personal exhibition Animalism \u2013 Caricatura Museum Frankfurt, Museum for Comic Art<\/p>\n<\/div>\n<\/div>\n\n\n\n<div class=\"wp-block-columns alignwide is-not-stacked-on-mobile has-small-font-size is-layout-flex wp-container-core-columns-is-layout-794e3cfa wp-block-columns-is-layout-flex\">\n<div class=\"wp-block-column is-layout-flow wp-block-column-is-layout-flow\" style=\"flex-basis:150px\">\n<p class=\"has-medium-font-size wp-block-paragraph\">2017<\/p>\n<\/div>\n\n\n\n<div class=\"wp-block-column is-layout-flow wp-block-column-is-layout-flow\" style=\"flex-basis:95%\">\n<p class=\"wp-block-paragraph\">Award of Excellence from the SOCIETY FOR NEWS DESIGN, portrait \u201cDonald Trump\u201d for Los Angeles Times<\/p>\n<\/div>\n<\/div>\n\n\n\n<div class=\"wp-block-columns alignwide is-not-stacked-on-mobile has-small-font-size is-layout-flex wp-container-core-columns-is-layout-794e3cfa wp-block-columns-is-layout-flex\">\n<div class=\"wp-block-column is-layout-flow wp-block-column-is-layout-flow\" style=\"flex-basis:150px\">\n<p class=\"has-medium-font-size wp-block-paragraph\">2017<\/p>\n<\/div>\n\n\n\n<div class=\"wp-block-column is-layout-flow wp-block-column-is-layout-flow\" style=\"flex-basis:95%\">\n<p class=\"wp-block-paragraph\">Merit Award from 3\u00d73 magazine, New York, portrait \u201cDonald Trump\u201d for Los Angeles Times<\/p>\n<\/div>\n<\/div>\n\n\n\n<div class=\"wp-block-columns alignwide is-not-stacked-on-mobile has-small-font-size is-layout-flex wp-container-core-columns-is-layout-794e3cfa wp-block-columns-is-layout-flex\">\n<div class=\"wp-block-column is-layout-flow wp-block-column-is-layout-flow\" style=\"flex-basis:150px\">\n<p class=\"has-medium-font-size wp-block-paragraph\">2017<\/p>\n<\/div>\n\n\n\n<div class=\"wp-block-column is-layout-flow wp-block-column-is-layout-flow\" style=\"flex-basis:95%\">\n<p class=\"wp-block-paragraph\">First Prize Winner of the German Caricature Prize for the portrait of Recep Tayyip Erdo\u011fan<\/p>\n<\/div>\n<\/div>\n\n\n\n<div class=\"wp-block-columns alignwide is-not-stacked-on-mobile has-small-font-size is-layout-flex wp-container-core-columns-is-layout-794e3cfa wp-block-columns-is-layout-flex\">\n<div class=\"wp-block-column is-layout-flow wp-block-column-is-layout-flow\" style=\"flex-basis:150px\">\n<p class=\"has-medium-font-size wp-block-paragraph\">2018<\/p>\n<\/div>\n\n\n\n<div class=\"wp-block-column is-layout-flow wp-block-column-is-layout-flow\" style=\"flex-basis:95%\">\n<p class=\"wp-block-paragraph\">Thomas Nast Grand Prize<\/p>\n<\/div>\n<\/div>\n\n\n\n<div class=\"wp-block-columns alignwide is-not-stacked-on-mobile has-small-font-size is-layout-flex wp-container-core-columns-is-layout-794e3cfa wp-block-columns-is-layout-flex\">\n<div class=\"wp-block-column is-layout-flow wp-block-column-is-layout-flow\" style=\"flex-basis:150px\">\n<p class=\"has-medium-font-size wp-block-paragraph\">2018<\/p>\n<\/div>\n\n\n\n<div class=\"wp-block-column is-layout-flow wp-block-column-is-layout-flow\" style=\"flex-basis:95%\">\n<p class=\"wp-block-paragraph\">Stipendienpreis des Sokol-Preis f\u00fcr digitale Karikatur, kritische Zeichenkunst und Satire, Krems, Nieder\u00f6sterreich<\/p>\n<\/div>\n<\/div>\n\n\n\n<div class=\"wp-block-columns alignwide is-not-stacked-on-mobile has-small-font-size is-layout-flex wp-container-core-columns-is-layout-794e3cfa wp-block-columns-is-layout-flex\">\n<div class=\"wp-block-column is-layout-flow wp-block-column-is-layout-flow\" style=\"flex-basis:150px\">\n<p class=\"has-medium-font-size wp-block-paragraph\">2020<\/p>\n<\/div>\n\n\n\n<div class=\"wp-block-column is-layout-flow wp-block-column-is-layout-flow\" style=\"flex-basis:95%\">\n<p class=\"wp-block-paragraph\">Overall winner\/Grandprix at the World Press Cartoon in Lisbon, Portugal, for the portrait \u201cBoris Johnson\u201d, 2019: also first prize in the \u201cPortrait\u201d category<\/p>\n<\/div>\n<\/div>\n\n\n\n<div class=\"wp-block-columns alignwide is-not-stacked-on-mobile has-small-font-size is-layout-flex wp-container-core-columns-is-layout-794e3cfa wp-block-columns-is-layout-flex\">\n<div class=\"wp-block-column is-layout-flow wp-block-column-is-layout-flow\" style=\"flex-basis:150px\">\n<p class=\"has-medium-font-size wp-block-paragraph\">2022<\/p>\n<\/div>\n\n\n\n<div class=\"wp-block-column is-layout-flow wp-block-column-is-layout-flow\" style=\"flex-basis:95%\">\n<p class=\"wp-block-paragraph\">Second Prize at the World Press Cartoon in Lisbon, Portugal, for the portrait &#8220;Bolsonaro&#8221;<\/p>\n<\/div>\n<\/div>\n\n\n\n<div class=\"wp-block-columns alignwide is-not-stacked-on-mobile has-small-font-size is-layout-flex wp-container-core-columns-is-layout-794e3cfa wp-block-columns-is-layout-flex\">\n<div class=\"wp-block-column is-layout-flow wp-block-column-is-layout-flow\" style=\"flex-basis:150px\">\n<p class=\"has-medium-font-size wp-block-paragraph\">2023<\/p>\n<\/div>\n\n\n\n<div class=\"wp-block-column is-layout-flow wp-block-column-is-layout-flow\" style=\"flex-basis:95%\">\n<p class=\"wp-block-paragraph\">Award of Excellence, Redman Award, China<\/p>\n<\/div>\n<\/div>\n\n\n\n<div class=\"wp-block-columns alignwide is-not-stacked-on-mobile has-small-font-size is-layout-flex wp-container-core-columns-is-layout-794e3cfa wp-block-columns-is-layout-flex\">\n<div class=\"wp-block-column is-layout-flow wp-block-column-is-layout-flow\" style=\"flex-basis:150px\">\n<p class=\"has-medium-font-size wp-block-paragraph\">2025<\/p>\n<\/div>\n\n\n\n<div class=\"wp-block-column is-layout-flow wp-block-column-is-layout-flow\" style=\"flex-basis:95%\">\n<p class=\"wp-block-paragraph\">AI\/AP American Illustration 44, AI44-Selected Winner, New York, USA<\/p>\n<\/div>\n<\/div>\n\n\n\n<div class=\"wp-block-columns alignwide is-not-stacked-on-mobile has-small-font-size is-layout-flex wp-container-core-columns-is-layout-794e3cfa wp-block-columns-is-layout-flex\">\n<div class=\"wp-block-column is-layout-flow wp-block-column-is-layout-flow\" style=\"flex-basis:150px\">\n<p class=\"has-medium-font-size wp-block-paragraph\">2025<\/p>\n<\/div>\n\n\n\n<div class=\"wp-block-column is-layout-flow wp-block-column-is-layout-flow\" style=\"flex-basis:95%\">\n<p class=\"wp-block-paragraph\">First Prize at the World Press Cartoon in Lisbon, Portugal, for the portrait &#8220;Putin&#8221;<\/p>\n<\/div>\n<\/div>\n\n\n\n<div class=\"wp-block-columns alignwide is-not-stacked-on-mobile has-small-font-size is-layout-flex wp-container-core-columns-is-layout-794e3cfa wp-block-columns-is-layout-flex\">\n<div class=\"wp-block-column is-layout-flow wp-block-column-is-layout-flow\" style=\"flex-basis:150px\">\n<p class=\"has-medium-font-size wp-block-paragraph\">2026<\/p>\n<\/div>\n\n\n\n<div class=\"wp-block-column is-layout-flow wp-block-column-is-layout-flow\" style=\"flex-basis:95%\">\n<p class=\"wp-block-paragraph\">First Prize at &#8220;R\u00fcckblende&#8221;, Caricature Prize of the German newspapers<\/p>\n<\/div>\n<\/div>\n<\/div>\n<\/div>\n\n\n\n<div data-wp-class--is-open=\"state.isOpen\" data-wp-context=\"{ &quot;id&quot;: &quot;accordion-item-4&quot;, &quot;openByDefault&quot;: false }\" data-wp-init=\"callbacks.initAccordionItems\" data-wp-on-window--hashchange=\"callbacks.hashChange\" class=\"wp-block-accordion-item is-layout-flow wp-block-accordion-item-is-layout-flow\">\n<h3 class=\"wp-block-accordion-heading has-base-color has-text-color has-background has-link-color has-medium-font-size wp-elements-3\" style=\"background-color:#03b2cb\"><button aria-expanded=\"false\" aria-controls=\"accordion-item-4-panel\" data-wp-bind--aria-expanded=\"state.isOpen\" data-wp-on--click=\"actions.toggle\" id=\"accordion-item-4\" type=\"button\" class=\"wp-block-accordion-heading__toggle\" style=\"padding-top:var(--wp--preset--spacing--30);padding-right:var(--wp--preset--spacing--30);padding-bottom:var(--wp--preset--spacing--30);padding-left:var(--wp--preset--spacing--30)\">Awards<\/button><\/h3>\n\n\n\n<div aria-labelledby=\"accordion-item-4\" data-wp-bind--hidden=\"state.isHidden\" data-wp-on--beforematch=\"actions.handleBeforeMatch\" id=\"accordion-item-4-panel\" role=\"region\" class=\"wp-block-accordion-panel is-layout-flow wp-block-accordion-panel-is-layout-flow\" style=\"padding-bottom:var(--wp--preset--spacing--30)\">\n<div class=\"wp-block-columns alignwide is-not-stacked-on-mobile has-small-font-size is-layout-flex wp-container-core-columns-is-layout-794e3cfa wp-block-columns-is-layout-flex\">\n<div class=\"wp-block-column is-layout-flow wp-block-column-is-layout-flow\" style=\"flex-basis:150px\">\n<p class=\"has-medium-font-size wp-block-paragraph\">2005<\/p>\n<\/div>\n\n\n\n<div class=\"wp-block-column is-layout-flow wp-block-column-is-layout-flow\" style=\"flex-basis:95%\">\n<p class=\"wp-block-paragraph\">Sponsorship award of the e.o.plauen Prize, Plauen<\/p>\n<\/div>\n<\/div>\n\n\n\n<div class=\"wp-block-columns alignwide is-not-stacked-on-mobile has-small-font-size is-layout-flex wp-container-core-columns-is-layout-794e3cfa wp-block-columns-is-layout-flex\">\n<div class=\"wp-block-column is-layout-flow wp-block-column-is-layout-flow\" style=\"flex-basis:150px\">\n<p class=\"has-medium-font-size wp-block-paragraph\">2005<\/p>\n<\/div>\n\n\n\n<div class=\"wp-block-column is-layout-flow wp-block-column-is-layout-flow\" style=\"flex-basis:95%\">\n<p class=\"wp-block-paragraph\">Vinum et Litterae, 1st place, Austrian Prize for Wine and Literature<\/p>\n<\/div>\n<\/div>\n\n\n\n<div class=\"wp-block-columns alignwide is-not-stacked-on-mobile has-small-font-size is-layout-flex wp-container-core-columns-is-layout-794e3cfa wp-block-columns-is-layout-flex\">\n<div class=\"wp-block-column is-layout-flow wp-block-column-is-layout-flow\" style=\"flex-basis:150px\">\n<p class=\"has-medium-font-size wp-block-paragraph\">2005<\/p>\n<\/div>\n\n\n\n<div class=\"wp-block-column is-layout-flow wp-block-column-is-layout-flow\" style=\"flex-basis:95%\">\n<p class=\"wp-block-paragraph\">Second Prize &#8220;R\u00fcckblende&#8221;, Caricature Prize of the German newspapers<\/p>\n<\/div>\n<\/div>\n\n\n\n<div class=\"wp-block-columns alignwide is-not-stacked-on-mobile has-small-font-size is-layout-flex wp-container-core-columns-is-layout-794e3cfa wp-block-columns-is-layout-flex\">\n<div class=\"wp-block-column is-layout-flow wp-block-column-is-layout-flow\" style=\"flex-basis:150px\">\n<p class=\"has-medium-font-size wp-block-paragraph\">2007<\/p>\n<\/div>\n\n\n\n<div class=\"wp-block-column is-layout-flow wp-block-column-is-layout-flow\" style=\"flex-basis:95%\">\n<p class=\"wp-block-paragraph\">artist scholarship Emsl\u00e4ndische Landschaft e.V.<\/p>\n<\/div>\n<\/div>\n\n\n\n<div class=\"wp-block-columns alignwide is-not-stacked-on-mobile has-small-font-size is-layout-flex wp-container-core-columns-is-layout-794e3cfa wp-block-columns-is-layout-flex\">\n<div class=\"wp-block-column is-layout-flow wp-block-column-is-layout-flow\" style=\"flex-basis:150px\">\n<p class=\"has-medium-font-size wp-block-paragraph\">2008<\/p>\n<\/div>\n\n\n\n<div class=\"wp-block-column is-layout-flow wp-block-column-is-layout-flow\" style=\"flex-basis:95%\">\n<p class=\"wp-block-paragraph\">Austrian Cartoon Award, 2nd place, International Cartoon Competition<\/p>\n<\/div>\n<\/div>\n\n\n\n<div class=\"wp-block-columns alignwide is-not-stacked-on-mobile has-small-font-size is-layout-flex wp-container-core-columns-is-layout-794e3cfa wp-block-columns-is-layout-flex\">\n<div class=\"wp-block-column is-layout-flow wp-block-column-is-layout-flow\" style=\"flex-basis:150px\">\n<p class=\"has-medium-font-size wp-block-paragraph\">2009<\/p>\n<\/div>\n\n\n\n<div class=\"wp-block-column is-layout-flow wp-block-column-is-layout-flow\" style=\"flex-basis:95%\">\n<p class=\"wp-block-paragraph\">German Cartoon Prize, 1st place<\/p>\n<\/div>\n<\/div>\n\n\n\n<div class=\"wp-block-columns alignwide is-not-stacked-on-mobile has-small-font-size is-layout-flex wp-container-core-columns-is-layout-794e3cfa wp-block-columns-is-layout-flex\">\n<div class=\"wp-block-column is-layout-flow wp-block-column-is-layout-flow\" style=\"flex-basis:150px\">\n<p class=\"has-medium-font-size wp-block-paragraph\">2011<\/p>\n<\/div>\n\n\n\n<div class=\"wp-block-column is-layout-flow wp-block-column-is-layout-flow\" style=\"flex-basis:95%\">\n<p class=\"wp-block-paragraph\">Honorable Mention at the 26th Biennale Internationale of Humor in Art of the city of Tolentino in Italy<\/p>\n<\/div>\n<\/div>\n\n\n\n<div class=\"wp-block-columns alignwide is-not-stacked-on-mobile has-small-font-size is-layout-flex wp-container-core-columns-is-layout-794e3cfa wp-block-columns-is-layout-flex\">\n<div class=\"wp-block-column is-layout-flow wp-block-column-is-layout-flow\" style=\"flex-basis:150px\">\n<p class=\"has-medium-font-size wp-block-paragraph\">2011<\/p>\n<\/div>\n\n\n\n<div class=\"wp-block-column is-layout-flow wp-block-column-is-layout-flow\" style=\"flex-basis:95%\">\n<p class=\"wp-block-paragraph\">Shortlist placement at the international LICC art prize 2011 in London<\/p>\n<\/div>\n<\/div>\n\n\n\n<div class=\"wp-block-columns alignwide is-not-stacked-on-mobile has-small-font-size is-layout-flex wp-container-core-columns-is-layout-794e3cfa wp-block-columns-is-layout-flex\">\n<div class=\"wp-block-column is-layout-flow wp-block-column-is-layout-flow\" style=\"flex-basis:150px\">\n<p class=\"has-medium-font-size wp-block-paragraph\">2012<\/p>\n<\/div>\n\n\n\n<div class=\"wp-block-column is-layout-flow wp-block-column-is-layout-flow\" style=\"flex-basis:95%\">\n<p class=\"wp-block-paragraph\">Award of Excellence from the European Newspaper Awards in the Illustration category<\/p>\n<\/div>\n<\/div>\n\n\n\n<div class=\"wp-block-columns alignwide is-not-stacked-on-mobile has-small-font-size is-layout-flex wp-container-core-columns-is-layout-794e3cfa wp-block-columns-is-layout-flex\">\n<div class=\"wp-block-column is-layout-flow wp-block-column-is-layout-flow\" style=\"flex-basis:150px\">\n<p class=\"has-medium-font-size wp-block-paragraph\">2014<\/p>\n<\/div>\n\n\n\n<div class=\"wp-block-column is-layout-flow wp-block-column-is-layout-flow\" style=\"flex-basis:95%\">\n<p class=\"wp-block-paragraph\">Award from the Art Directors Club Germany (ADC) e.V.<\/p>\n<\/div>\n<\/div>\n\n\n\n<div class=\"wp-block-columns alignwide is-not-stacked-on-mobile has-small-font-size is-layout-flex wp-container-core-columns-is-layout-794e3cfa wp-block-columns-is-layout-flex\">\n<div class=\"wp-block-column is-layout-flow wp-block-column-is-layout-flow\" style=\"flex-basis:150px\">\n<p class=\"has-medium-font-size wp-block-paragraph\">2014<\/p>\n<\/div>\n\n\n\n<div class=\"wp-block-column is-layout-flow wp-block-column-is-layout-flow\" style=\"flex-basis:95%\">\n<p class=\"wp-block-paragraph\">Merit Award from 3\u00d73 magazine, New York<\/p>\n<\/div>\n<\/div>\n\n\n\n<div class=\"wp-block-columns alignwide is-not-stacked-on-mobile has-small-font-size is-layout-flex wp-container-core-columns-is-layout-794e3cfa wp-block-columns-is-layout-flex\">\n<div class=\"wp-block-column is-layout-flow wp-block-column-is-layout-flow\" style=\"flex-basis:150px\">\n<p class=\"has-medium-font-size wp-block-paragraph\">2014<\/p>\n<\/div>\n\n\n\n<div class=\"wp-block-column is-layout-flow wp-block-column-is-layout-flow\" style=\"flex-basis:95%\">\n<p class=\"wp-block-paragraph\">AWARD OF EXCELLENCE from the SOCIETY FOR NEWS DESIGN<\/p>\n<\/div>\n<\/div>\n\n\n\n<div class=\"wp-block-columns alignwide is-not-stacked-on-mobile has-small-font-size is-layout-flex wp-container-core-columns-is-layout-794e3cfa wp-block-columns-is-layout-flex\">\n<div class=\"wp-block-column is-layout-flow wp-block-column-is-layout-flow\" style=\"flex-basis:150px\">\n<p class=\"has-medium-font-size wp-block-paragraph\">2016<\/p>\n<\/div>\n\n\n\n<div class=\"wp-block-column is-layout-flow wp-block-column-is-layout-flow\" style=\"flex-basis:95%\">\n<p class=\"wp-block-paragraph\">Shortlist placement at the international LICC Art Prize 2016 in London<\/p>\n<\/div>\n<\/div>\n\n\n\n<div class=\"wp-block-columns alignwide is-not-stacked-on-mobile has-small-font-size is-layout-flex wp-container-core-columns-is-layout-794e3cfa wp-block-columns-is-layout-flex\">\n<div class=\"wp-block-column is-layout-flow wp-block-column-is-layout-flow\" style=\"flex-basis:150px\">\n<p class=\"has-medium-font-size wp-block-paragraph\">2017<\/p>\n<\/div>\n\n\n\n<div class=\"wp-block-column is-layout-flow wp-block-column-is-layout-flow\" style=\"flex-basis:95%\">\n<p class=\"wp-block-paragraph\">Merit Award from 3\u00d73 magazine, New York for the portrait of Donald Trump in the Los Angeles Times<\/p>\n<\/div>\n<\/div>\n\n\n\n<div class=\"wp-block-columns alignwide is-not-stacked-on-mobile has-small-font-size is-layout-flex wp-container-core-columns-is-layout-794e3cfa wp-block-columns-is-layout-flex\">\n<div class=\"wp-block-column is-layout-flow wp-block-column-is-layout-flow\" style=\"flex-basis:150px\">\n<p class=\"has-medium-font-size wp-block-paragraph\">2017<\/p>\n<\/div>\n\n\n\n<div class=\"wp-block-column is-layout-flow wp-block-column-is-layout-flow\" style=\"flex-basis:95%\">\n<p class=\"wp-block-paragraph\">AWARD OF EXCELLENCE from the SOCIETY FOR NEWS DESIGN for the portrait of Donald Trump in the Los Angeles Times<\/p>\n<\/div>\n<\/div>\n\n\n\n<div class=\"wp-block-columns alignwide is-not-stacked-on-mobile has-small-font-size is-layout-flex wp-container-core-columns-is-layout-794e3cfa wp-block-columns-is-layout-flex\">\n<div class=\"wp-block-column is-layout-flow wp-block-column-is-layout-flow\" style=\"flex-basis:150px\">\n<p class=\"has-medium-font-size wp-block-paragraph\">2017<\/p>\n<\/div>\n\n\n\n<div class=\"wp-block-column is-layout-flow wp-block-column-is-layout-flow\" style=\"flex-basis:95%\">\n<p class=\"wp-block-paragraph\">First Prize Winner of the German Caricature Prize for the portrait of Recep Tayyip Erdo\u011fan<\/p>\n<\/div>\n<\/div>\n\n\n\n<div class=\"wp-block-columns alignwide is-not-stacked-on-mobile has-small-font-size is-layout-flex wp-container-core-columns-is-layout-794e3cfa wp-block-columns-is-layout-flex\">\n<div class=\"wp-block-column is-layout-flow wp-block-column-is-layout-flow\" style=\"flex-basis:150px\">\n<p class=\"has-medium-font-size wp-block-paragraph\">2017<\/p>\n<\/div>\n\n\n\n<div class=\"wp-block-column is-layout-flow wp-block-column-is-layout-flow\" style=\"flex-basis:95%\">\n<p class=\"wp-block-paragraph\">Gold Medal Winner of the iJungle Illustration Awards, International Graphic Design Award, Editorial Category<\/p>\n<\/div>\n<\/div>\n\n\n\n<div class=\"wp-block-columns alignwide is-not-stacked-on-mobile has-small-font-size is-layout-flex wp-container-core-columns-is-layout-794e3cfa wp-block-columns-is-layout-flex\">\n<div class=\"wp-block-column is-layout-flow wp-block-column-is-layout-flow\" style=\"flex-basis:150px\">\n<p class=\"has-medium-font-size wp-block-paragraph\">2018<\/p>\n<\/div>\n\n\n\n<div class=\"wp-block-column is-layout-flow wp-block-column-is-layout-flow\" style=\"flex-basis:95%\">\n<p class=\"wp-block-paragraph\">World Press Cartoon Award, Lisbon\/Portugal, Top 50<\/p>\n<\/div>\n<\/div>\n\n\n\n<div class=\"wp-block-columns alignwide is-not-stacked-on-mobile has-small-font-size is-layout-flex wp-container-core-columns-is-layout-794e3cfa wp-block-columns-is-layout-flex\">\n<div class=\"wp-block-column is-layout-flow wp-block-column-is-layout-flow\" style=\"flex-basis:150px\">\n<p class=\"has-medium-font-size wp-block-paragraph\">2018<\/p>\n<\/div>\n\n\n\n<div class=\"wp-block-column is-layout-flow wp-block-column-is-layout-flow\" style=\"flex-basis:95%\">\n<p class=\"wp-block-paragraph\">Scholarship Prize, AIR \u2013 Artist in Residence Scholarship, SOKOL \u2013 Prize for Digital Caricature, Critical Drawing Art and Satire, Austria<\/p>\n<\/div>\n<\/div>\n\n\n\n<div class=\"wp-block-columns alignwide is-not-stacked-on-mobile has-small-font-size is-layout-flex wp-container-core-columns-is-layout-794e3cfa wp-block-columns-is-layout-flex\">\n<div class=\"wp-block-column is-layout-flow wp-block-column-is-layout-flow\" style=\"flex-basis:150px\">\n<p class=\"has-medium-font-size wp-block-paragraph\">2018<\/p>\n<\/div>\n\n\n\n<div class=\"wp-block-column is-layout-flow wp-block-column-is-layout-flow\" style=\"flex-basis:95%\">\n<p class=\"wp-block-paragraph\">Thomas Nast Grand Prize<\/p>\n<\/div>\n<\/div>\n\n\n\n<div class=\"wp-block-columns alignwide is-not-stacked-on-mobile has-small-font-size is-layout-flex wp-container-core-columns-is-layout-794e3cfa wp-block-columns-is-layout-flex\">\n<div class=\"wp-block-column is-layout-flow wp-block-column-is-layout-flow\" style=\"flex-basis:150px\">\n<p class=\"has-medium-font-size wp-block-paragraph\">2020<\/p>\n<\/div>\n\n\n\n<div class=\"wp-block-column is-layout-flow wp-block-column-is-layout-flow\" style=\"flex-basis:95%\">\n<p class=\"wp-block-paragraph\">Overall winner\/Grandprix and first prize in the portrait category at the WorldPressCartoon in Lisbon, Portugal, for the portrait &#8220;Boris Johnson&#8221;, 2019<\/p>\n<\/div>\n<\/div>\n\n\n\n<div class=\"wp-block-columns alignwide is-not-stacked-on-mobile has-small-font-size is-layout-flex wp-container-core-columns-is-layout-794e3cfa wp-block-columns-is-layout-flex\">\n<div class=\"wp-block-column is-layout-flow wp-block-column-is-layout-flow\" style=\"flex-basis:150px\">\n<p class=\"has-medium-font-size wp-block-paragraph\">2022<\/p>\n<\/div>\n\n\n\n<div class=\"wp-block-column is-layout-flow wp-block-column-is-layout-flow\" style=\"flex-basis:95%\">\n<p class=\"wp-block-paragraph\">Second Prize at the World Press Cartoon in Lisbon, Portugal, for the portrait &#8220;Bolsonaro&#8221;<\/p>\n<\/div>\n<\/div>\n\n\n\n<div class=\"wp-block-columns alignwide is-not-stacked-on-mobile has-small-font-size is-layout-flex wp-container-core-columns-is-layout-794e3cfa wp-block-columns-is-layout-flex\">\n<div class=\"wp-block-column is-layout-flow wp-block-column-is-layout-flow\" style=\"flex-basis:150px\">\n<p class=\"has-medium-font-size wp-block-paragraph\">2023<\/p>\n<\/div>\n\n\n\n<div class=\"wp-block-column is-layout-flow wp-block-column-is-layout-flow\" style=\"flex-basis:95%\">\n<p class=\"wp-block-paragraph\">Award of Excellence, Redman Award, China<\/p>\n<\/div>\n<\/div>\n\n\n\n<div class=\"wp-block-columns alignwide is-not-stacked-on-mobile has-small-font-size is-layout-flex wp-container-core-columns-is-layout-794e3cfa wp-block-columns-is-layout-flex\">\n<div class=\"wp-block-column is-layout-flow wp-block-column-is-layout-flow\" style=\"flex-basis:150px\">\n<p class=\"has-medium-font-size wp-block-paragraph\">2025<\/p>\n<\/div>\n\n\n\n<div class=\"wp-block-column is-layout-flow wp-block-column-is-layout-flow\" style=\"flex-basis:95%\">\n<p class=\"wp-block-paragraph\">AI\/AP American Illustration 44, AI44-Selected Winner, New York, USA<\/p>\n<\/div>\n<\/div>\n\n\n\n<div class=\"wp-block-columns alignwide is-not-stacked-on-mobile has-small-font-size is-layout-flex wp-container-core-columns-is-layout-794e3cfa wp-block-columns-is-layout-flex\">\n<div class=\"wp-block-column is-layout-flow wp-block-column-is-layout-flow\" style=\"flex-basis:150px\">\n<p class=\"has-medium-font-size wp-block-paragraph\">2025<\/p>\n<\/div>\n\n\n\n<div class=\"wp-block-column is-layout-flow wp-block-column-is-layout-flow\" style=\"flex-basis:95%\">\n<p class=\"wp-block-paragraph\">First Prize at the World Press Cartoon in Lisbon, Portugal, for the portrait &#8220;Putin&#8221;<\/p>\n<\/div>\n<\/div>\n\n\n\n<div class=\"wp-block-columns alignwide is-not-stacked-on-mobile has-small-font-size is-layout-flex wp-container-core-columns-is-layout-794e3cfa wp-block-columns-is-layout-flex\">\n<div class=\"wp-block-column is-layout-flow wp-block-column-is-layout-flow\" style=\"flex-basis:150px\">\n<p class=\"has-medium-font-size wp-block-paragraph\">2026<\/p>\n<\/div>\n\n\n\n<div class=\"wp-block-column is-layout-flow wp-block-column-is-layout-flow\" style=\"flex-basis:95%\">\n<p class=\"wp-block-paragraph\">First Prize at &#8220;R\u00fcckblende&#8221;, Caricature Prize of the German newspapers<\/p>\n<\/div>\n<\/div>\n<\/div>\n<\/div>\n\n\n\n<div data-wp-class--is-open=\"state.isOpen\" data-wp-context=\"{ &quot;id&quot;: &quot;accordion-item-5&quot;, &quot;openByDefault&quot;: false }\" data-wp-init=\"callbacks.initAccordionItems\" data-wp-on-window--hashchange=\"callbacks.hashChange\" class=\"wp-block-accordion-item is-layout-flow wp-block-accordion-item-is-layout-flow\">\n<h3 class=\"wp-block-accordion-heading has-base-color has-text-color has-background has-link-color has-medium-font-size wp-elements-4\" style=\"background-color:#03b2cb\"><button aria-expanded=\"false\" aria-controls=\"accordion-item-5-panel\" data-wp-bind--aria-expanded=\"state.isOpen\" data-wp-on--click=\"actions.toggle\" id=\"accordion-item-5\" type=\"button\" class=\"wp-block-accordion-heading__toggle\" style=\"padding-top:var(--wp--preset--spacing--30);padding-right:var(--wp--preset--spacing--30);padding-bottom:var(--wp--preset--spacing--30);padding-left:var(--wp--preset--spacing--30)\"><span class=\"wp-block-accordion-heading__toggle-title\">Solo exhibitions (selection)<\/span><span class=\"wp-block-accordion-heading__toggle-icon\" aria-hidden=\"true\">+<\/span><\/button><\/h3>\n\n\n\n<div aria-labelledby=\"accordion-item-5\" data-wp-bind--hidden=\"state.isHidden\" data-wp-on--beforematch=\"actions.handleBeforeMatch\" id=\"accordion-item-5-panel\" role=\"region\" class=\"wp-block-accordion-panel is-layout-flow wp-block-accordion-panel-is-layout-flow\" style=\"padding-bottom:var(--wp--preset--spacing--30)\">\n<div class=\"wp-block-columns alignwide is-not-stacked-on-mobile has-small-font-size is-layout-flex wp-container-core-columns-is-layout-794e3cfa wp-block-columns-is-layout-flex\">\n<div class=\"wp-block-column is-layout-flow wp-block-column-is-layout-flow\" style=\"flex-basis:150px\">\n<p class=\"has-medium-font-size wp-block-paragraph\">2005<\/p>\n<\/div>\n\n\n\n<div class=\"wp-block-column is-layout-flow wp-block-column-is-layout-flow\" style=\"flex-basis:95%\">\n<p class=\"wp-block-paragraph\">Portraits, e.o.plauen sponsorship exhibition, gallery in the Malzhaus, e.o.plauen gallery<\/p>\n<\/div>\n<\/div>\n\n\n\n<div class=\"wp-block-columns alignwide is-not-stacked-on-mobile has-small-font-size is-layout-flex wp-container-core-columns-is-layout-794e3cfa wp-block-columns-is-layout-flex\">\n<div class=\"wp-block-column is-layout-flow wp-block-column-is-layout-flow\" style=\"flex-basis:150px\">\n<p class=\"has-medium-font-size wp-block-paragraph\">2007<\/p>\n<\/div>\n\n\n\n<div class=\"wp-block-column is-layout-flow wp-block-column-is-layout-flow\" style=\"flex-basis:95%\">\n<p class=\"wp-block-paragraph\">Portraits, Museum of the Osnabr\u00fcck District, Bersenbr\u00fcck<\/p>\n<\/div>\n<\/div>\n\n\n\n<div class=\"wp-block-columns alignwide is-not-stacked-on-mobile has-small-font-size is-layout-flex wp-container-core-columns-is-layout-794e3cfa wp-block-columns-is-layout-flex\">\n<div class=\"wp-block-column is-layout-flow wp-block-column-is-layout-flow\" style=\"flex-basis:150px\">\n<p class=\"has-medium-font-size wp-block-paragraph\">2008<\/p>\n<\/div>\n\n\n\n<div class=\"wp-block-column is-layout-flow wp-block-column-is-layout-flow\" style=\"flex-basis:95%\">\n<p class=\"wp-block-paragraph\">Exaggeration &#8211; Alienation &#8211; Grotesque, Emslandmuseum Clemenswerth Castle, S\u00f6gel<\/p>\n<\/div>\n<\/div>\n\n\n\n<div class=\"wp-block-columns alignwide is-not-stacked-on-mobile has-small-font-size is-layout-flex wp-container-core-columns-is-layout-794e3cfa wp-block-columns-is-layout-flex\">\n<div class=\"wp-block-column is-layout-flow wp-block-column-is-layout-flow\" style=\"flex-basis:150px\">\n<p class=\"has-medium-font-size wp-block-paragraph\">2008<\/p>\n<\/div>\n\n\n\n<div class=\"wp-block-column is-layout-flow wp-block-column-is-layout-flow\" style=\"flex-basis:95%\">\n<p class=\"wp-block-paragraph\">Hessenk\u00f6pp &#8211; F.W.Bernstein and Frank Hoppmann, Caricatura &#8211; Gallery for Comic Art, Kassel<\/p>\n<\/div>\n<\/div>\n\n\n\n<div class=\"wp-block-columns alignwide is-not-stacked-on-mobile has-small-font-size is-layout-flex wp-container-core-columns-is-layout-794e3cfa wp-block-columns-is-layout-flex\">\n<div class=\"wp-block-column is-layout-flow wp-block-column-is-layout-flow\" style=\"flex-basis:150px\">\n<p class=\"has-medium-font-size wp-block-paragraph\">2008<\/p>\n<\/div>\n\n\n\n<div class=\"wp-block-column is-layout-flow wp-block-column-is-layout-flow\" style=\"flex-basis:95%\">\n<p class=\"wp-block-paragraph\">Heads: From Kohl to Cash, House of the Netherlands, M\u00fcnster<\/p>\n<\/div>\n<\/div>\n\n\n\n<div class=\"wp-block-columns alignwide is-not-stacked-on-mobile has-small-font-size is-layout-flex wp-container-core-columns-is-layout-794e3cfa wp-block-columns-is-layout-flex\">\n<div class=\"wp-block-column is-layout-flow wp-block-column-is-layout-flow\" style=\"flex-basis:150px\">\n<p class=\"has-medium-font-size wp-block-paragraph\">2010<\/p>\n<\/div>\n\n\n\n<div class=\"wp-block-column is-layout-flow wp-block-column-is-layout-flow\" style=\"flex-basis:95%\">\n<p class=\"wp-block-paragraph\">Character Heads &#8211; Satirical Portraits by Frank Hoppmann, Brandenburg State Center for Civic Education<\/p>\n<\/div>\n<\/div>\n\n\n\n<div class=\"wp-block-columns alignwide is-not-stacked-on-mobile has-small-font-size is-layout-flex wp-container-core-columns-is-layout-794e3cfa wp-block-columns-is-layout-flex\">\n<div class=\"wp-block-column is-layout-flow wp-block-column-is-layout-flow\" style=\"flex-basis:150px\">\n<p class=\"has-medium-font-size wp-block-paragraph\">2012<\/p>\n<\/div>\n\n\n\n<div class=\"wp-block-column is-layout-flow wp-block-column-is-layout-flow\" style=\"flex-basis:95%\">\n<p class=\"wp-block-paragraph\">Political Heads &#8211; Satirical Portraits, Lower Saxony State Parliament, Hanover<\/p>\n<\/div>\n<\/div>\n\n\n\n<div class=\"wp-block-columns alignwide is-not-stacked-on-mobile has-small-font-size is-layout-flex wp-container-core-columns-is-layout-794e3cfa wp-block-columns-is-layout-flex\">\n<div class=\"wp-block-column is-layout-flow wp-block-column-is-layout-flow\" style=\"flex-basis:150px\">\n<p class=\"has-medium-font-size wp-block-paragraph\">2013<\/p>\n<\/div>\n\n\n\n<div class=\"wp-block-column is-layout-flow wp-block-column-is-layout-flow\" style=\"flex-basis:95%\">\n<p class=\"wp-block-paragraph\">Frank Hoppmann &#8211; Drawings, Oldenburgische Landesbank in Oldenburg<\/p>\n<\/div>\n<\/div>\n\n\n\n<div class=\"wp-block-columns alignwide is-not-stacked-on-mobile has-small-font-size is-layout-flex wp-container-core-columns-is-layout-794e3cfa wp-block-columns-is-layout-flex\">\n<div class=\"wp-block-column is-layout-flow wp-block-column-is-layout-flow\" style=\"flex-basis:150px\">\n<p class=\"has-medium-font-size wp-block-paragraph\">2013<\/p>\n<\/div>\n\n\n\n<div class=\"wp-block-column is-layout-flow wp-block-column-is-layout-flow\" style=\"flex-basis:95%\">\n<p class=\"wp-block-paragraph\">The many faces of Frank Hoppmann, Hameln Art Circle<\/p>\n<\/div>\n<\/div>\n\n\n\n<div class=\"wp-block-columns alignwide is-not-stacked-on-mobile has-small-font-size is-layout-flex wp-container-core-columns-is-layout-794e3cfa wp-block-columns-is-layout-flex\">\n<div class=\"wp-block-column is-layout-flow wp-block-column-is-layout-flow\" style=\"flex-basis:150px\">\n<p class=\"has-medium-font-size wp-block-paragraph\">2015<\/p>\n<\/div>\n\n\n\n<div class=\"wp-block-column is-layout-flow wp-block-column-is-layout-flow\" style=\"flex-basis:95%\">\n<p class=\"wp-block-paragraph\">Holy Pigs, Stadtgalerie Feldkirchen<\/p>\n<\/div>\n<\/div>\n\n\n\n<div class=\"wp-block-columns alignwide is-not-stacked-on-mobile has-small-font-size is-layout-flex wp-container-core-columns-is-layout-794e3cfa wp-block-columns-is-layout-flex\">\n<div class=\"wp-block-column is-layout-flow wp-block-column-is-layout-flow\" style=\"flex-basis:150px\">\n<p class=\"has-medium-font-size wp-block-paragraph\">2017<\/p>\n<\/div>\n\n\n\n<div class=\"wp-block-column is-layout-flow wp-block-column-is-layout-flow\" style=\"flex-basis:95%\">\n<p class=\"wp-block-paragraph\">Physica Curiosa, Theater M\u00fcnster<\/p>\n<\/div>\n<\/div>\n\n\n\n<div class=\"wp-block-columns alignwide is-not-stacked-on-mobile has-small-font-size is-layout-flex wp-container-core-columns-is-layout-794e3cfa wp-block-columns-is-layout-flex\">\n<div class=\"wp-block-column is-layout-flow wp-block-column-is-layout-flow\" style=\"flex-basis:150px\">\n<p class=\"has-medium-font-size wp-block-paragraph\">2017<\/p>\n<\/div>\n\n\n\n<div class=\"wp-block-column is-layout-flow wp-block-column-is-layout-flow\" style=\"flex-basis:95%\">\n<p class=\"wp-block-paragraph\">The Wonderful World of Pictures, e.o.plauen &amp; Frank Hoppmann, Galerie e.o.plauen, Erich Ohser House, Plauen<\/p>\n<\/div>\n<\/div>\n\n\n\n<div class=\"wp-block-columns alignwide is-not-stacked-on-mobile has-small-font-size is-layout-flex wp-container-core-columns-is-layout-794e3cfa wp-block-columns-is-layout-flex\">\n<div class=\"wp-block-column is-layout-flow wp-block-column-is-layout-flow\" style=\"flex-basis:150px\">\n<p class=\"has-medium-font-size wp-block-paragraph\">2017<\/p>\n<\/div>\n\n\n\n<div class=\"wp-block-column is-layout-flow wp-block-column-is-layout-flow\" style=\"flex-basis:95%\">\n<p class=\"wp-block-paragraph\">Vis\u2013\u00e0\u2013vis\u2013\u00e0\u2013vis \u2013 Satirical portraits of German Chancellors and French Presidents after 1945 in the Simplicissimus House Renchen<\/p>\n<\/div>\n<\/div>\n\n\n\n<div class=\"wp-block-columns alignwide is-not-stacked-on-mobile has-small-font-size is-layout-flex wp-container-core-columns-is-layout-794e3cfa wp-block-columns-is-layout-flex\">\n<div class=\"wp-block-column is-layout-flow wp-block-column-is-layout-flow\" style=\"flex-basis:150px\">\n<p class=\"has-medium-font-size wp-block-paragraph\">2017<\/p>\n<\/div>\n\n\n\n<div class=\"wp-block-column is-layout-flow wp-block-column-is-layout-flow\" style=\"flex-basis:95%\">\n<p class=\"wp-block-paragraph\">ANIMALISM \u2013 Caricatura Museum Frankfurt, museum for comic art<\/p>\n<\/div>\n<\/div>\n\n\n\n<div class=\"wp-block-columns alignwide is-not-stacked-on-mobile has-small-font-size is-layout-flex wp-container-core-columns-is-layout-794e3cfa wp-block-columns-is-layout-flex\">\n<div class=\"wp-block-column is-layout-flow wp-block-column-is-layout-flow\" style=\"flex-basis:150px\">\n<p class=\"has-medium-font-size wp-block-paragraph\">2018<\/p>\n<\/div>\n\n\n\n<div class=\"wp-block-column is-layout-flow wp-block-column-is-layout-flow\" style=\"flex-basis:95%\">\n<p class=\"wp-block-paragraph\">FRANK HOPPMANN, Old Town Hall G\u00f6ttingen<\/p>\n<\/div>\n<\/div>\n\n\n\n<div class=\"wp-block-columns alignwide is-not-stacked-on-mobile has-small-font-size is-layout-flex wp-container-core-columns-is-layout-794e3cfa wp-block-columns-is-layout-flex\">\n<div class=\"wp-block-column is-layout-flow wp-block-column-is-layout-flow\" style=\"flex-basis:150px\">\n<p class=\"has-medium-font-size wp-block-paragraph\">2019<\/p>\n<\/div>\n\n\n\n<div class=\"wp-block-column is-layout-flow wp-block-column-is-layout-flow\" style=\"flex-basis:95%\">\n<p class=\"wp-block-paragraph\">Hagen Castle<\/p>\n<\/div>\n<\/div>\n\n\n\n<div class=\"wp-block-columns alignwide is-not-stacked-on-mobile has-small-font-size is-layout-flex wp-container-core-columns-is-layout-794e3cfa wp-block-columns-is-layout-flex\">\n<div class=\"wp-block-column is-layout-flow wp-block-column-is-layout-flow\" style=\"flex-basis:150px\">\n<p class=\"has-medium-font-size wp-block-paragraph\">2019<\/p>\n<\/div>\n\n\n\n<div class=\"wp-block-column is-layout-flow wp-block-column-is-layout-flow\" style=\"flex-basis:95%\">\n<p class=\"wp-block-paragraph\">Regensburg, Municipal Gallery in the empty bag of the museums of the city of Regensburg<\/p>\n<\/div>\n<\/div>\n\n\n\n<div class=\"wp-block-columns alignwide is-not-stacked-on-mobile has-small-font-size is-layout-flex wp-container-core-columns-is-layout-794e3cfa wp-block-columns-is-layout-flex\">\n<div class=\"wp-block-column is-layout-flow wp-block-column-is-layout-flow\" style=\"flex-basis:150px\">\n<p class=\"has-medium-font-size wp-block-paragraph\">2020<\/p>\n<\/div>\n\n\n\n<div class=\"wp-block-column is-layout-flow wp-block-column-is-layout-flow\" style=\"flex-basis:95%\">\n<p class=\"wp-block-paragraph\">Caricature Museum Krems, Austria<\/p>\n<\/div>\n<\/div>\n\n\n\n<div class=\"wp-block-columns alignwide is-not-stacked-on-mobile has-small-font-size is-layout-flex wp-container-core-columns-is-layout-794e3cfa wp-block-columns-is-layout-flex\">\n<div class=\"wp-block-column is-layout-flow wp-block-column-is-layout-flow\" style=\"flex-basis:150px\">\n<p class=\"has-medium-font-size wp-block-paragraph\">2021<\/p>\n<\/div>\n\n\n\n<div class=\"wp-block-column is-layout-flow wp-block-column-is-layout-flow\" style=\"flex-basis:95%\">\n<p class=\"wp-block-paragraph\">\u201cFRANK HOPPMANN\/MICHEL KICHKA &#8211; Rencontres de l\u2019Illustration\u201d, Museum Tomi Ungerer, Strasbourg, France<\/p>\n<\/div>\n<\/div>\n\n\n\n<div class=\"wp-block-columns alignwide is-not-stacked-on-mobile has-small-font-size is-layout-flex wp-container-core-columns-is-layout-794e3cfa wp-block-columns-is-layout-flex\">\n<div class=\"wp-block-column is-layout-flow wp-block-column-is-layout-flow\" style=\"flex-basis:150px\">\n<p class=\"has-medium-font-size wp-block-paragraph\">2022<\/p>\n<\/div>\n\n\n\n<div class=\"wp-block-column is-layout-flow wp-block-column-is-layout-flow\" style=\"flex-basis:95%\">\n<p class=\"wp-block-paragraph\">European Cartoon Center, Belgien<\/p>\n<\/div>\n<\/div>\n\n\n\n<div class=\"wp-block-columns alignwide is-not-stacked-on-mobile has-small-font-size is-layout-flex wp-container-core-columns-is-layout-794e3cfa wp-block-columns-is-layout-flex\">\n<div class=\"wp-block-column is-layout-flow wp-block-column-is-layout-flow\" style=\"flex-basis:150px\">\n<p class=\"has-medium-font-size wp-block-paragraph\">2023<\/p>\n<\/div>\n\n\n\n<div class=\"wp-block-column is-layout-flow wp-block-column-is-layout-flow\" style=\"flex-basis:95%\">\n<p class=\"wp-block-paragraph\">Karikaturmuseum, Krems, \u00d6sterreich<\/p>\n<\/div>\n<\/div>\n\n\n\n<div class=\"wp-block-columns alignwide is-not-stacked-on-mobile has-small-font-size is-layout-flex wp-container-core-columns-is-layout-794e3cfa wp-block-columns-is-layout-flex\">\n<div class=\"wp-block-column is-layout-flow wp-block-column-is-layout-flow\" style=\"flex-basis:150px\">\n<p class=\"has-medium-font-size wp-block-paragraph\">2025<\/p>\n<\/div>\n\n\n\n<div class=\"wp-block-column is-layout-flow wp-block-column-is-layout-flow\" style=\"flex-basis:95%\">\n<p class=\"wp-block-paragraph\">Altes Rathaus M\u00f6lln<\/p>\n<\/div>\n<\/div>\n\n\n\n<div class=\"wp-block-columns alignwide is-not-stacked-on-mobile has-small-font-size is-layout-flex wp-container-core-columns-is-layout-794e3cfa wp-block-columns-is-layout-flex\">\n<div class=\"wp-block-column is-layout-flow wp-block-column-is-layout-flow\" style=\"flex-basis:150px\">\n<p class=\"has-medium-font-size wp-block-paragraph\">2025<\/p>\n<\/div>\n\n\n\n<div class=\"wp-block-column is-layout-flow wp-block-column-is-layout-flow\" style=\"flex-basis:95%\">\n<p class=\"wp-block-paragraph\">26.Ausgabe der Cartoon Xira, Vila Franca de Xira, Portugal<\/p>\n<\/div>\n<\/div>\n<\/div>\n<\/div>\n\n\n\n<div data-wp-class--is-open=\"state.isOpen\" data-wp-context=\"{ &quot;id&quot;: &quot;accordion-item-6&quot;, &quot;openByDefault&quot;: false }\" data-wp-init=\"callbacks.initAccordionItems\" data-wp-on-window--hashchange=\"callbacks.hashChange\" class=\"wp-block-accordion-item is-layout-flow wp-block-accordion-item-is-layout-flow\">\n<h3 class=\"wp-block-accordion-heading has-base-color has-text-color has-background has-link-color has-medium-font-size wp-elements-5\" style=\"background-color:#03b2cb\"><button aria-expanded=\"false\" aria-controls=\"accordion-item-6-panel\" data-wp-bind--aria-expanded=\"state.isOpen\" data-wp-on--click=\"actions.toggle\" id=\"accordion-item-6\" type=\"button\" class=\"wp-block-accordion-heading__toggle\" style=\"padding-top:var(--wp--preset--spacing--30);padding-right:var(--wp--preset--spacing--30);padding-bottom:var(--wp--preset--spacing--30);padding-left:var(--wp--preset--spacing--30)\"><span class=\"wp-block-accordion-heading__toggle-title\">Group Exhibitions (Selection)<\/span><span class=\"wp-block-accordion-heading__toggle-icon\" aria-hidden=\"true\">+<\/span><\/button><\/h3>\n\n\n\n<div aria-labelledby=\"accordion-item-6\" data-wp-bind--hidden=\"state.isHidden\" data-wp-on--beforematch=\"actions.handleBeforeMatch\" id=\"accordion-item-6-panel\" role=\"region\" class=\"wp-block-accordion-panel is-layout-flow wp-block-accordion-panel-is-layout-flow\" style=\"padding-bottom:var(--wp--preset--spacing--30)\">\n<div class=\"wp-block-columns alignwide is-not-stacked-on-mobile has-small-font-size is-layout-flex wp-container-core-columns-is-layout-794e3cfa wp-block-columns-is-layout-flex\">\n<div class=\"wp-block-column is-layout-flow wp-block-column-is-layout-flow\" style=\"flex-basis:150px\">\n<p class=\"has-medium-font-size wp-block-paragraph\">2006<\/p>\n<\/div>\n\n\n\n<div class=\"wp-block-column is-layout-flow wp-block-column-is-layout-flow\" style=\"flex-basis:95%\">\n<p class=\"wp-block-paragraph\">5th Cartoon Triennale, Summer Palace in Greiz<\/p>\n<\/div>\n<\/div>\n\n\n\n<div class=\"wp-block-columns alignwide is-not-stacked-on-mobile has-small-font-size is-layout-flex wp-container-core-columns-is-layout-794e3cfa wp-block-columns-is-layout-flex\">\n<div class=\"wp-block-column is-layout-flow wp-block-column-is-layout-flow\" style=\"flex-basis:150px\">\n<p class=\"has-medium-font-size wp-block-paragraph\">2006<\/p>\n<\/div>\n\n\n\n<div class=\"wp-block-column is-layout-flow wp-block-column-is-layout-flow\" style=\"flex-basis:95%\">\n<p class=\"wp-block-paragraph\">German Caricature Prize, Dresden, 2006 to 2011, 2017<\/p>\n<\/div>\n<\/div>\n\n\n\n<div class=\"wp-block-columns alignwide is-not-stacked-on-mobile has-small-font-size is-layout-flex wp-container-core-columns-is-layout-794e3cfa wp-block-columns-is-layout-flex\">\n<div class=\"wp-block-column is-layout-flow wp-block-column-is-layout-flow\" style=\"flex-basis:150px\">\n<p class=\"has-medium-font-size wp-block-paragraph\">2007<\/p>\n<\/div>\n\n\n\n<div class=\"wp-block-column is-layout-flow wp-block-column-is-layout-flow\" style=\"flex-basis:95%\">\n<p class=\"wp-block-paragraph\">Till Forever &#8211; Receptions of Eulenspiegel in our time, Bomann Museum, Celle<\/p>\n<\/div>\n<\/div>\n\n\n\n<div class=\"wp-block-columns alignwide is-not-stacked-on-mobile has-small-font-size is-layout-flex wp-container-core-columns-is-layout-794e3cfa wp-block-columns-is-layout-flex\">\n<div class=\"wp-block-column is-layout-flow wp-block-column-is-layout-flow\" style=\"flex-basis:150px\">\n<p class=\"has-medium-font-size wp-block-paragraph\">2008<\/p>\n<\/div>\n\n\n\n<div class=\"wp-block-column is-layout-flow wp-block-column-is-layout-flow\" style=\"flex-basis:95%\">\n<p class=\"wp-block-paragraph\">Whatever is popular: is also allowed! The great descendants of Wilhelm Busch, Museum Seesen <\/p>\n<\/div>\n<\/div>\n\n\n\n<div class=\"wp-block-columns alignwide is-not-stacked-on-mobile has-small-font-size is-layout-flex wp-container-core-columns-is-layout-794e3cfa wp-block-columns-is-layout-flex\">\n<div class=\"wp-block-column is-layout-flow wp-block-column-is-layout-flow\" style=\"flex-basis:150px\">\n<p class=\"has-medium-font-size wp-block-paragraph\">2008<\/p>\n<\/div>\n\n\n\n<div class=\"wp-block-column is-layout-flow wp-block-column-is-layout-flow\" style=\"flex-basis:95%\">\n<p class=\"wp-block-paragraph\">For F.W.&#8217;s 70th birthday Bernstein, Kassel town hall<\/p>\n<\/div>\n<\/div>\n\n\n\n<div class=\"wp-block-columns alignwide is-not-stacked-on-mobile has-small-font-size is-layout-flex wp-container-core-columns-is-layout-794e3cfa wp-block-columns-is-layout-flex\">\n<div class=\"wp-block-column is-layout-flow wp-block-column-is-layout-flow\" style=\"flex-basis:150px\">\n<p class=\"has-medium-font-size wp-block-paragraph\">2008<\/p>\n<\/div>\n\n\n\n<div class=\"wp-block-column is-layout-flow wp-block-column-is-layout-flow\" style=\"flex-basis:95%\">\n<p class=\"wp-block-paragraph\">Austrian Cartoon Award, Galerie K\u00e4rnten, Klagenfurt, Austria<\/p>\n<\/div>\n<\/div>\n\n\n\n<div class=\"wp-block-columns alignwide is-not-stacked-on-mobile has-small-font-size is-layout-flex wp-container-core-columns-is-layout-794e3cfa wp-block-columns-is-layout-flex\">\n<div class=\"wp-block-column is-layout-flow wp-block-column-is-layout-flow\" style=\"flex-basis:150px\">\n<p class=\"has-medium-font-size wp-block-paragraph\">2009<\/p>\n<\/div>\n\n\n\n<div class=\"wp-block-column is-layout-flow wp-block-column-is-layout-flow\" style=\"flex-basis:95%\">\n<p class=\"wp-block-paragraph\">6th Caricature Triennale, Summer Palace in Greiz<\/p>\n<\/div>\n<\/div>\n\n\n\n<div class=\"wp-block-columns alignwide is-not-stacked-on-mobile has-small-font-size is-layout-flex wp-container-core-columns-is-layout-794e3cfa wp-block-columns-is-layout-flex\">\n<div class=\"wp-block-column is-layout-flow wp-block-column-is-layout-flow\" style=\"flex-basis:150px\">\n<p class=\"has-medium-font-size wp-block-paragraph\">2011<\/p>\n<\/div>\n\n\n\n<div class=\"wp-block-column is-layout-flow wp-block-column-is-layout-flow\" style=\"flex-basis:95%\">\n<p class=\"wp-block-paragraph\">7th Biennale of Satirical Drawing, City History Museum, Leipzig<\/p>\n<\/div>\n<\/div>\n\n\n\n<div class=\"wp-block-columns alignwide is-not-stacked-on-mobile has-small-font-size is-layout-flex wp-container-core-columns-is-layout-794e3cfa wp-block-columns-is-layout-flex\">\n<div class=\"wp-block-column is-layout-flow wp-block-column-is-layout-flow\" style=\"flex-basis:150px\">\n<p class=\"has-medium-font-size wp-block-paragraph\">2011<\/p>\n<\/div>\n\n\n\n<div class=\"wp-block-column is-layout-flow wp-block-column-is-layout-flow\" style=\"flex-basis:95%\">\n<p class=\"wp-block-paragraph\">26th International Biennale of Humor in Art, Tolentino, Italy<\/p>\n<\/div>\n<\/div>\n\n\n\n<div class=\"wp-block-columns alignwide is-not-stacked-on-mobile has-small-font-size is-layout-flex wp-container-core-columns-is-layout-794e3cfa wp-block-columns-is-layout-flex\">\n<div class=\"wp-block-column is-layout-flow wp-block-column-is-layout-flow\" style=\"flex-basis:150px\">\n<p class=\"has-medium-font-size wp-block-paragraph\">2011<\/p>\n<\/div>\n\n\n\n<div class=\"wp-block-column is-layout-flow wp-block-column-is-layout-flow\" style=\"flex-basis:95%\">\n<p class=\"wp-block-paragraph\">TO THE MUSEUM! Anniversary show on the occasion of the 10th birthday of the Caricature Museum Krems, Austria <\/p>\n<\/div>\n<\/div>\n\n\n\n<div class=\"wp-block-columns alignwide is-not-stacked-on-mobile has-small-font-size is-layout-flex wp-container-core-columns-is-layout-794e3cfa wp-block-columns-is-layout-flex\">\n<div class=\"wp-block-column is-layout-flow wp-block-column-is-layout-flow\" style=\"flex-basis:150px\">\n<p class=\"has-medium-font-size wp-block-paragraph\">2012<\/p>\n<\/div>\n\n\n\n<div class=\"wp-block-column is-layout-flow wp-block-column-is-layout-flow\" style=\"flex-basis:95%\">\n<p class=\"wp-block-paragraph\">CARICATURA VI &#8211; Comic Art &#8211; analogue, digital, international &#8211; new trends in comic art from eight European countries, Caricatura Kassel<\/p>\n<\/div>\n<\/div>\n\n\n\n<div class=\"wp-block-columns alignwide is-not-stacked-on-mobile has-small-font-size is-layout-flex wp-container-core-columns-is-layout-794e3cfa wp-block-columns-is-layout-flex\">\n<div class=\"wp-block-column is-layout-flow wp-block-column-is-layout-flow\" style=\"flex-basis:150px\">\n<p class=\"has-medium-font-size wp-block-paragraph\">2012<\/p>\n<\/div>\n\n\n\n<div class=\"wp-block-column is-layout-flow wp-block-column-is-layout-flow\" style=\"flex-basis:95%\">\n<p class=\"wp-block-paragraph\">M\u00fcnster ilLustRatioN, Stadthausgalerie M\u00fcnster<\/p>\n<\/div>\n<\/div>\n\n\n\n<div class=\"wp-block-columns alignwide is-not-stacked-on-mobile has-small-font-size is-layout-flex wp-container-core-columns-is-layout-794e3cfa wp-block-columns-is-layout-flex\">\n<div class=\"wp-block-column is-layout-flow wp-block-column-is-layout-flow\" style=\"flex-basis:150px\">\n<p class=\"has-medium-font-size wp-block-paragraph\">2013<\/p>\n<\/div>\n\n\n\n<div class=\"wp-block-column is-layout-flow wp-block-column-is-layout-flow\" style=\"flex-basis:95%\">\n<p class=\"wp-block-paragraph\">Pas de deux \/ Pair Skating &#8211; The German-French friendship as reflected in the caricature, Palais Beauharnais, Paris, Goethe-Institut Paris<\/p>\n<\/div>\n<\/div>\n\n\n\n<div class=\"wp-block-columns alignwide is-not-stacked-on-mobile has-small-font-size is-layout-flex wp-container-core-columns-is-layout-794e3cfa wp-block-columns-is-layout-flex\">\n<div class=\"wp-block-column is-layout-flow wp-block-column-is-layout-flow\" style=\"flex-basis:150px\">\n<p class=\"has-medium-font-size wp-block-paragraph\">2013<\/p>\n<\/div>\n\n\n\n<div class=\"wp-block-column is-layout-flow wp-block-column-is-layout-flow\" style=\"flex-basis:95%\">\n<p class=\"wp-block-paragraph\">We love 8BIT \u2013 Retro Games Art Show \u2013 Hamburg, Vienna, Berlin<\/p>\n<\/div>\n<\/div>\n\n\n\n<div class=\"wp-block-columns alignwide is-not-stacked-on-mobile has-small-font-size is-layout-flex wp-container-core-columns-is-layout-794e3cfa wp-block-columns-is-layout-flex\">\n<div class=\"wp-block-column is-layout-flow wp-block-column-is-layout-flow\" style=\"flex-basis:150px\">\n<p class=\"has-medium-font-size wp-block-paragraph\">2013<\/p>\n<\/div>\n\n\n\n<div class=\"wp-block-column is-layout-flow wp-block-column-is-layout-flow\" style=\"flex-basis:95%\">\n<p class=\"wp-block-paragraph\">From duel to duet &#8211; The history of German-French relations from 1870 to today based on the satirical drawing, Museum Tomi Ungerer, Strasbourg<\/p>\n<\/div>\n<\/div>\n\n\n\n<div class=\"wp-block-columns alignwide is-not-stacked-on-mobile has-small-font-size is-layout-flex wp-container-core-columns-is-layout-794e3cfa wp-block-columns-is-layout-flex\">\n<div class=\"wp-block-column is-layout-flow wp-block-column-is-layout-flow\" style=\"flex-basis:150px\">\n<p class=\"has-medium-font-size wp-block-paragraph\">2013<\/p>\n<\/div>\n\n\n\n<div class=\"wp-block-column is-layout-flow wp-block-column-is-layout-flow\" style=\"flex-basis:95%\">\n<p class=\"wp-block-paragraph\">KaricARToon 2013 \u2013 8th Biennale of Satirical Drawing, Leipzig<\/p>\n<\/div>\n<\/div>\n\n\n\n<div class=\"wp-block-columns alignwide is-not-stacked-on-mobile has-small-font-size is-layout-flex wp-container-core-columns-is-layout-794e3cfa wp-block-columns-is-layout-flex\">\n<div class=\"wp-block-column is-layout-flow wp-block-column-is-layout-flow\" style=\"flex-basis:150px\">\n<p class=\"has-medium-font-size wp-block-paragraph\">2014<\/p>\n<\/div>\n\n\n\n<div class=\"wp-block-column is-layout-flow wp-block-column-is-layout-flow\" style=\"flex-basis:95%\">\n<p class=\"wp-block-paragraph\">Virtue of fools, Homage to Francis Bacon, INTOXICATED DEMONS Gallery, Munich<\/p>\n<\/div>\n<\/div>\n\n\n\n<div class=\"wp-block-columns alignwide is-not-stacked-on-mobile has-small-font-size is-layout-flex wp-container-core-columns-is-layout-794e3cfa wp-block-columns-is-layout-flex\">\n<div class=\"wp-block-column is-layout-flow wp-block-column-is-layout-flow\" style=\"flex-basis:150px\">\n<p class=\"has-medium-font-size wp-block-paragraph\">2014<\/p>\n<\/div>\n\n\n\n<div class=\"wp-block-column is-layout-flow wp-block-column-is-layout-flow\" style=\"flex-basis:95%\">\n<p class=\"wp-block-paragraph\">Drawing for Peace, The Dove of Peace in Caricature, Caricature Museum Krems<\/p>\n<\/div>\n<\/div>\n\n\n\n<div class=\"wp-block-columns alignwide is-not-stacked-on-mobile has-small-font-size is-layout-flex wp-container-core-columns-is-layout-794e3cfa wp-block-columns-is-layout-flex\">\n<div class=\"wp-block-column is-layout-flow wp-block-column-is-layout-flow\" style=\"flex-basis:150px\">\n<p class=\"has-medium-font-size wp-block-paragraph\">2015<\/p>\n<\/div>\n\n\n\n<div class=\"wp-block-column is-layout-flow wp-block-column-is-layout-flow\" style=\"flex-basis:95%\">\n<p class=\"wp-block-paragraph\">STROKE Art Fair Munich<\/p>\n<\/div>\n<\/div>\n\n\n\n<div class=\"wp-block-columns alignwide is-not-stacked-on-mobile has-small-font-size is-layout-flex wp-container-core-columns-is-layout-794e3cfa wp-block-columns-is-layout-flex\">\n<div class=\"wp-block-column is-layout-flow wp-block-column-is-layout-flow\" style=\"flex-basis:150px\">\n<p class=\"has-medium-font-size wp-block-paragraph\">2015<\/p>\n<\/div>\n\n\n\n<div class=\"wp-block-column is-layout-flow wp-block-column-is-layout-flow\" style=\"flex-basis:95%\">\n<p class=\"wp-block-paragraph\">STROKE Art Fair Munich<\/p>\n<\/div>\n<\/div>\n\n\n\n<div class=\"wp-block-columns alignwide is-not-stacked-on-mobile has-small-font-size is-layout-flex wp-container-core-columns-is-layout-794e3cfa wp-block-columns-is-layout-flex\">\n<div class=\"wp-block-column is-layout-flow wp-block-column-is-layout-flow\" style=\"flex-basis:150px\">\n<p class=\"has-medium-font-size wp-block-paragraph\">2015<\/p>\n<\/div>\n\n\n\n<div class=\"wp-block-column is-layout-flow wp-block-column-is-layout-flow\" style=\"flex-basis:95%\">\n<p class=\"wp-block-paragraph\">Lichtenberg reloaded! A homage, Wilhelm Busch &#8211; German Museum for Caricature and Drawing in Hanover <\/p>\n<\/div>\n<\/div>\n\n\n\n<div class=\"wp-block-columns alignwide is-not-stacked-on-mobile has-small-font-size is-layout-flex wp-container-core-columns-is-layout-794e3cfa wp-block-columns-is-layout-flex\">\n<div class=\"wp-block-column is-layout-flow wp-block-column-is-layout-flow\" style=\"flex-basis:150px\">\n<p class=\"has-medium-font-size wp-block-paragraph\">2015<\/p>\n<\/div>\n\n\n\n<div class=\"wp-block-column is-layout-flow wp-block-column-is-layout-flow\" style=\"flex-basis:95%\">\n<p class=\"wp-block-paragraph\">Baltic Countries Caricatura part II, Gallery Old Town Hall in Gdansk, Korzenna, Poland<\/p>\n<\/div>\n<\/div>\n\n\n\n<div class=\"wp-block-columns alignwide is-not-stacked-on-mobile has-small-font-size is-layout-flex wp-container-core-columns-is-layout-794e3cfa wp-block-columns-is-layout-flex\">\n<div class=\"wp-block-column is-layout-flow wp-block-column-is-layout-flow\" style=\"flex-basis:150px\">\n<p class=\"has-medium-font-size wp-block-paragraph\">2016<\/p>\n<\/div>\n\n\n\n<div class=\"wp-block-column is-layout-flow wp-block-column-is-layout-flow\" style=\"flex-basis:95%\">\n<p class=\"wp-block-paragraph\">T\u00eate \u00e0 t\u00eate \u2013 Head to Head \u2013 German and French illustrators between satire and literature, Galerie Institut Fran\u00e7ais Berlin<\/p>\n<\/div>\n<\/div>\n\n\n\n<div class=\"wp-block-columns alignwide is-not-stacked-on-mobile has-small-font-size is-layout-flex wp-container-core-columns-is-layout-794e3cfa wp-block-columns-is-layout-flex\">\n<div class=\"wp-block-column is-layout-flow wp-block-column-is-layout-flow\" style=\"flex-basis:150px\">\n<p class=\"has-medium-font-size wp-block-paragraph\">2016<\/p>\n<\/div>\n\n\n\n<div class=\"wp-block-column is-layout-flow wp-block-column-is-layout-flow\" style=\"flex-basis:95%\">\n<p class=\"wp-block-paragraph\">BIKEART.GR EXHIB ATHENS \/ VOLOS\/ THESSALONIKI, Greece<\/p>\n<\/div>\n<\/div>\n\n\n\n<div class=\"wp-block-columns alignwide is-not-stacked-on-mobile has-small-font-size is-layout-flex wp-container-core-columns-is-layout-794e3cfa wp-block-columns-is-layout-flex\">\n<div class=\"wp-block-column is-layout-flow wp-block-column-is-layout-flow\" style=\"flex-basis:150px\">\n<p class=\"has-medium-font-size wp-block-paragraph\">2016<\/p>\n<\/div>\n\n\n\n<div class=\"wp-block-column is-layout-flow wp-block-column-is-layout-flow\" style=\"flex-basis:95%\">\n<p class=\"wp-block-paragraph\">STROKE Art Fair Munich<\/p>\n<\/div>\n<\/div>\n\n\n\n<div class=\"wp-block-columns alignwide is-not-stacked-on-mobile has-small-font-size is-layout-flex wp-container-core-columns-is-layout-794e3cfa wp-block-columns-is-layout-flex\">\n<div class=\"wp-block-column is-layout-flow wp-block-column-is-layout-flow\" style=\"flex-basis:150px\">\n<p class=\"has-medium-font-size wp-block-paragraph\">2016<\/p>\n<\/div>\n\n\n\n<div class=\"wp-block-column is-layout-flow wp-block-column-is-layout-flow\" style=\"flex-basis:95%\">\n<p class=\"wp-block-paragraph\">Women, hear the signals, Brandenburg State Center for Political Education, Potsdam<\/p>\n<\/div>\n<\/div>\n\n\n\n<div class=\"wp-block-columns alignwide is-not-stacked-on-mobile has-small-font-size is-layout-flex wp-container-core-columns-is-layout-794e3cfa wp-block-columns-is-layout-flex\">\n<div class=\"wp-block-column is-layout-flow wp-block-column-is-layout-flow\" style=\"flex-basis:150px\">\n<p class=\"has-medium-font-size wp-block-paragraph\">2016<\/p>\n<\/div>\n\n\n\n<div class=\"wp-block-column is-layout-flow wp-block-column-is-layout-flow\" style=\"flex-basis:95%\">\n<p class=\"wp-block-paragraph\">Flashback, German Prize for Political Photography and Caricature, Berlin, Hamburg, Bonn (annually since 2006)<\/p>\n<\/div>\n<\/div>\n\n\n\n<div class=\"wp-block-columns alignwide is-not-stacked-on-mobile has-small-font-size is-layout-flex wp-container-core-columns-is-layout-794e3cfa wp-block-columns-is-layout-flex\">\n<div class=\"wp-block-column is-layout-flow wp-block-column-is-layout-flow\" style=\"flex-basis:150px\">\n<p class=\"has-medium-font-size wp-block-paragraph\">2016<\/p>\n<\/div>\n\n\n\n<div class=\"wp-block-column is-layout-flow wp-block-column-is-layout-flow\" style=\"flex-basis:95%\">\n<p class=\"wp-block-paragraph\">Tomi Ungerer Forever \u2013 anniversary exhibition for Tomi Ungerer&#8217;s 85th birthday, Tomi Ungerer Museum, Strasbourg<\/p>\n<\/div>\n<\/div>\n\n\n\n<div class=\"wp-block-columns alignwide is-not-stacked-on-mobile has-small-font-size is-layout-flex wp-container-core-columns-is-layout-794e3cfa wp-block-columns-is-layout-flex\">\n<div class=\"wp-block-column is-layout-flow wp-block-column-is-layout-flow\" style=\"flex-basis:150px\">\n<p class=\"has-medium-font-size wp-block-paragraph\">2017<\/p>\n<\/div>\n\n\n\n<div class=\"wp-block-column is-layout-flow wp-block-column-is-layout-flow\" style=\"flex-basis:95%\">\n<p class=\"wp-block-paragraph\">Participation in the exhibition 300 Years of Hercules &#8211; Rebirth of a Hero, Wilhelmsh\u00f6he Castle, Museumslandschaft Hessen Kassel<\/p>\n<\/div>\n<\/div>\n\n\n\n<div class=\"wp-block-columns alignwide is-not-stacked-on-mobile has-small-font-size is-layout-flex wp-container-core-columns-is-layout-794e3cfa wp-block-columns-is-layout-flex\">\n<div class=\"wp-block-column is-layout-flow wp-block-column-is-layout-flow\" style=\"flex-basis:150px\">\n<p class=\"has-medium-font-size wp-block-paragraph\">2017<\/p>\n<\/div>\n\n\n\n<div class=\"wp-block-column is-layout-flow wp-block-column-is-layout-flow\" style=\"flex-basis:95%\">\n<p class=\"wp-block-paragraph\">System error \u2013 CARICATURA VII, The Comic Art, Caricatura Kassel<\/p>\n<\/div>\n<\/div>\n\n\n\n<div class=\"wp-block-columns alignwide is-not-stacked-on-mobile has-small-font-size is-layout-flex wp-container-core-columns-is-layout-794e3cfa wp-block-columns-is-layout-flex\">\n<div class=\"wp-block-column is-layout-flow wp-block-column-is-layout-flow\" style=\"flex-basis:150px\">\n<p class=\"has-medium-font-size wp-block-paragraph\">2017<\/p>\n<\/div>\n\n\n\n<div class=\"wp-block-column is-layout-flow wp-block-column-is-layout-flow\" style=\"flex-basis:95%\">\n<p class=\"wp-block-paragraph\">Lichtenberg reloaded! A Homage, Romantikhaus, Jena and Old Town Hall G\u00f6ttingen <\/p>\n<\/div>\n<\/div>\n\n\n\n<div class=\"wp-block-columns alignwide is-not-stacked-on-mobile has-small-font-size is-layout-flex wp-container-core-columns-is-layout-794e3cfa wp-block-columns-is-layout-flex\">\n<div class=\"wp-block-column is-layout-flow wp-block-column-is-layout-flow\" style=\"flex-basis:150px\">\n<p class=\"has-medium-font-size wp-block-paragraph\">2017<\/p>\n<\/div>\n\n\n\n<div class=\"wp-block-column is-layout-flow wp-block-column-is-layout-flow\" style=\"flex-basis:95%\">\n<p class=\"wp-block-paragraph\">T\u00eate \u00e0 t\u00eate &#8211; Head to Head &#8211; German and French illustrators between satire and literature, Maison Heinrich Heine, Paris<\/p>\n<\/div>\n<\/div>\n\n\n\n<div class=\"wp-block-columns alignwide is-not-stacked-on-mobile has-small-font-size is-layout-flex wp-container-core-columns-is-layout-794e3cfa wp-block-columns-is-layout-flex\">\n<div class=\"wp-block-column is-layout-flow wp-block-column-is-layout-flow\" style=\"flex-basis:150px\">\n<p class=\"has-medium-font-size wp-block-paragraph\">2018<\/p>\n<\/div>\n\n\n\n<div class=\"wp-block-column is-layout-flow wp-block-column-is-layout-flow\" style=\"flex-basis:95%\">\n<p class=\"wp-block-paragraph\">America, satirical drawings &#8211; Museum Tomi Ungerer, Strassbourg<\/p>\n<\/div>\n<\/div>\n\n\n\n<div class=\"wp-block-columns alignwide is-not-stacked-on-mobile has-small-font-size is-layout-flex wp-container-core-columns-is-layout-794e3cfa wp-block-columns-is-layout-flex\">\n<div class=\"wp-block-column is-layout-flow wp-block-column-is-layout-flow\" style=\"flex-basis:150px\">\n<p class=\"has-medium-font-size wp-block-paragraph\">2018<\/p>\n<\/div>\n\n\n\n<div class=\"wp-block-column is-layout-flow wp-block-column-is-layout-flow\" style=\"flex-basis:95%\">\n<p class=\"wp-block-paragraph\">Vejle Art Museum, Vejle, Denmark, &#8220;The face of the power&#8221;<\/p>\n<\/div>\n<\/div>\n\n\n\n<div class=\"wp-block-columns alignwide is-not-stacked-on-mobile has-small-font-size is-layout-flex wp-container-core-columns-is-layout-794e3cfa wp-block-columns-is-layout-flex\">\n<div class=\"wp-block-column is-layout-flow wp-block-column-is-layout-flow\" style=\"flex-basis:150px\">\n<p class=\"has-medium-font-size wp-block-paragraph\">2019<\/p>\n<\/div>\n\n\n\n<div class=\"wp-block-column is-layout-flow wp-block-column-is-layout-flow\" style=\"flex-basis:95%\">\n<p class=\"wp-block-paragraph\">Tomi Ungerer the European &#8211; Museum Tomi Ungerer, Strassbourg<\/p>\n<\/div>\n<\/div>\n\n\n\n<div class=\"wp-block-columns alignwide is-not-stacked-on-mobile has-small-font-size is-layout-flex wp-container-core-columns-is-layout-794e3cfa wp-block-columns-is-layout-flex\">\n<div class=\"wp-block-column is-layout-flow wp-block-column-is-layout-flow\" style=\"flex-basis:150px\">\n<p class=\"has-medium-font-size wp-block-paragraph\">2020<\/p>\n<\/div>\n\n\n\n<div class=\"wp-block-column is-layout-flow wp-block-column-is-layout-flow\" style=\"flex-basis:95%\">\n<p class=\"wp-block-paragraph\">Horst Janssen Museum, Oldenburg<\/p>\n<\/div>\n<\/div>\n\n\n\n<div class=\"wp-block-columns alignwide is-not-stacked-on-mobile has-small-font-size is-layout-flex wp-container-core-columns-is-layout-794e3cfa wp-block-columns-is-layout-flex\">\n<div class=\"wp-block-column is-layout-flow wp-block-column-is-layout-flow\" style=\"flex-basis:150px\">\n<p class=\"has-medium-font-size wp-block-paragraph\">2020<\/p>\n<\/div>\n\n\n\n<div class=\"wp-block-column is-layout-flow wp-block-column-is-layout-flow\" style=\"flex-basis:95%\">\n<p class=\"wp-block-paragraph\">Bomann Museum, Celle<\/p>\n<\/div>\n<\/div>\n\n\n\n<div class=\"wp-block-columns alignwide is-not-stacked-on-mobile has-small-font-size is-layout-flex wp-container-core-columns-is-layout-794e3cfa wp-block-columns-is-layout-flex\">\n<div class=\"wp-block-column is-layout-flow wp-block-column-is-layout-flow\" style=\"flex-basis:150px\">\n<p class=\"has-medium-font-size wp-block-paragraph\">2020<\/p>\n<\/div>\n\n\n\n<div class=\"wp-block-column is-layout-flow wp-block-column-is-layout-flow\" style=\"flex-basis:95%\">\n<p class=\"wp-block-paragraph\">System Error 2 \u2013 Caricatura Kassel<\/p>\n<\/div>\n<\/div>\n\n\n\n<div class=\"wp-block-columns alignwide is-not-stacked-on-mobile has-small-font-size is-layout-flex wp-container-core-columns-is-layout-794e3cfa wp-block-columns-is-layout-flex\">\n<div class=\"wp-block-column is-layout-flow wp-block-column-is-layout-flow\" style=\"flex-basis:150px\">\n<p class=\"has-medium-font-size wp-block-paragraph\">2024<\/p>\n<\/div>\n\n\n\n<div class=\"wp-block-column is-layout-flow wp-block-column-is-layout-flow\" style=\"flex-basis:95%\">\n<p class=\"wp-block-paragraph\">Museum Wilhelm Busch \u2013 Deutsches Museum f\u00fcr Karikatur und Zeichenkunst, Hannover<\/p>\n<\/div>\n<\/div>\n\n\n\n<div class=\"wp-block-columns alignwide is-not-stacked-on-mobile has-small-font-size is-layout-flex wp-container-core-columns-is-layout-794e3cfa wp-block-columns-is-layout-flex\">\n<div class=\"wp-block-column is-layout-flow wp-block-column-is-layout-flow\" style=\"flex-basis:150px\">\n<p class=\"has-medium-font-size wp-block-paragraph\">2025<\/p>\n<\/div>\n\n\n\n<div class=\"wp-block-column is-layout-flow wp-block-column-is-layout-flow\" style=\"flex-basis:95%\">\n<p class=\"wp-block-paragraph\">World Press Cartoon, Lisboa, Portugal<\/p>\n<\/div>\n<\/div>\n\n\n\n<div class=\"wp-block-columns alignwide is-not-stacked-on-mobile has-small-font-size is-layout-flex wp-container-core-columns-is-layout-794e3cfa wp-block-columns-is-layout-flex\">\n<div class=\"wp-block-column is-layout-flow wp-block-column-is-layout-flow\" style=\"flex-basis:150px\">\n<p class=\"has-medium-font-size wp-block-paragraph\">2025<\/p>\n<\/div>\n\n\n\n<div class=\"wp-block-column is-layout-flow wp-block-column-is-layout-flow\" style=\"flex-basis:95%\">\n<p class=\"wp-block-paragraph\">AI\/AP American Illustration 44, New York, USA<\/p>\n<\/div>\n<\/div>\n\n\n\n<div class=\"wp-block-columns alignwide is-not-stacked-on-mobile has-small-font-size is-layout-flex wp-container-core-columns-is-layout-794e3cfa wp-block-columns-is-layout-flex\">\n<div class=\"wp-block-column is-layout-flow wp-block-column-is-layout-flow\" style=\"flex-basis:150px\">\n<p class=\"has-medium-font-size wp-block-paragraph\">2026<\/p>\n<\/div>\n\n\n\n<div class=\"wp-block-column is-layout-flow wp-block-column-is-layout-flow\" style=\"flex-basis:95%\">\n<p class=\"wp-block-paragraph\">&#8220;R\u00fcckblende&#8221;, Deutscher Preis f\u00fcr Karikatur, Berlin, Germany<\/p>\n<\/div>\n<\/div>\n<\/div>\n<\/div>\n<\/div>\n\n\n\n<ul class=\"wp-block-social-links has-icon-color is-style-logos-only is-layout-flex wp-block-social-links-is-layout-flex\"><li style=\"color:#111111\" class=\"wp-social-link wp-social-link-instagram has-contrast-color wp-block-social-link\"><a rel=\"noopener nofollow\" target=\"_blank\" href=\"https:\/\/www.instagram.com\/frankhoppmann\" class=\"wp-block-social-link-anchor\"><svg width=\"24\" height=\"24\" viewBox=\"0 0 24 24\" version=\"1.1\" xmlns=\"http:\/\/www.w3.org\/2000\/svg\" aria-hidden=\"true\" focusable=\"false\"><path d=\"M12,4.622c2.403,0,2.688,0.009,3.637,0.052c0.877,0.04,1.354,0.187,1.671,0.31c0.42,0.163,0.72,0.358,1.035,0.673 c0.315,0.315,0.51,0.615,0.673,1.035c0.123,0.317,0.27,0.794,0.31,1.671c0.043,0.949,0.052,1.234,0.052,3.637 s-0.009,2.688-0.052,3.637c-0.04,0.877-0.187,1.354-0.31,1.671c-0.163,0.42-0.358,0.72-0.673,1.035 c-0.315,0.315-0.615,0.51-1.035,0.673c-0.317,0.123-0.794,0.27-1.671,0.31c-0.949,0.043-1.233,0.052-3.637,0.052 s-2.688-0.009-3.637-0.052c-0.877-0.04-1.354-0.187-1.671-0.31c-0.42-0.163-0.72-0.358-1.035-0.673 c-0.315-0.315-0.51-0.615-0.673-1.035c-0.123-0.317-0.27-0.794-0.31-1.671C4.631,14.688,4.622,14.403,4.622,12 s0.009-2.688,0.052-3.637c0.04-0.877,0.187-1.354,0.31-1.671c0.163-0.42,0.358-0.72,0.673-1.035 c0.315-0.315,0.615-0.51,1.035-0.673c0.317-0.123,0.794-0.27,1.671-0.31C9.312,4.631,9.597,4.622,12,4.622 M12,3 C9.556,3,9.249,3.01,8.289,3.054C7.331,3.098,6.677,3.25,6.105,3.472C5.513,3.702,5.011,4.01,4.511,4.511 c-0.5,0.5-0.808,1.002-1.038,1.594C3.25,6.677,3.098,7.331,3.054,8.289C3.01,9.249,3,9.556,3,12c0,2.444,0.01,2.751,0.054,3.711 c0.044,0.958,0.196,1.612,0.418,2.185c0.23,0.592,0.538,1.094,1.038,1.594c0.5,0.5,1.002,0.808,1.594,1.038 c0.572,0.222,1.227,0.375,2.185,0.418C9.249,20.99,9.556,21,12,21s2.751-0.01,3.711-0.054c0.958-0.044,1.612-0.196,2.185-0.418 c0.592-0.23,1.094-0.538,1.594-1.038c0.5-0.5,0.808-1.002,1.038-1.594c0.222-0.572,0.375-1.227,0.418-2.185 C20.99,14.751,21,14.444,21,12s-0.01-2.751-0.054-3.711c-0.044-0.958-0.196-1.612-0.418-2.185c-0.23-0.592-0.538-1.094-1.038-1.594 c-0.5-0.5-1.002-0.808-1.594-1.038c-0.572-0.222-1.227-0.375-2.185-0.418C14.751,3.01,14.444,3,12,3L12,3z M12,7.378 c-2.552,0-4.622,2.069-4.622,4.622S9.448,16.622,12,16.622s4.622-2.069,4.622-4.622S14.552,7.378,12,7.378z M12,15 c-1.657,0-3-1.343-3-3s1.343-3,3-3s3,1.343,3,3S13.657,15,12,15z M16.804,6.116c-0.596,0-1.08,0.484-1.08,1.08 s0.484,1.08,1.08,1.08c0.596,0,1.08-0.484,1.08-1.08S17.401,6.116,16.804,6.116z\"><\/path><\/svg><span class=\"wp-block-social-link-label screen-reader-text\">Instagram<\/span><\/a><\/li>\n\n<li style=\"color:#111111\" class=\"wp-social-link wp-social-link-facebook has-contrast-color wp-block-social-link\"><a rel=\"noopener nofollow\" target=\"_blank\" href=\"https:\/\/www.facebook.com\/HoppmannFrank\" class=\"wp-block-social-link-anchor\"><svg width=\"24\" height=\"24\" viewBox=\"0 0 24 24\" version=\"1.1\" xmlns=\"http:\/\/www.w3.org\/2000\/svg\" aria-hidden=\"true\" focusable=\"false\"><path d=\"M12 2C6.5 2 2 6.5 2 12c0 5 3.7 9.1 8.4 9.9v-7H7.9V12h2.5V9.8c0-2.5 1.5-3.9 3.8-3.9 1.1 0 2.2.2 2.2.2v2.5h-1.3c-1.2 0-1.6.8-1.6 1.6V12h2.8l-.4 2.9h-2.3v7C18.3 21.1 22 17 22 12c0-5.5-4.5-10-10-10z\"><\/path><\/svg><span class=\"wp-block-social-link-label screen-reader-text\">Facebook<\/span><\/a><\/li>\n\n<li style=\"color:#111111\" class=\"wp-social-link wp-social-link-whatsapp has-contrast-color wp-block-social-link\"><a rel=\"noopener nofollow\" target=\"_blank\" href=\"https:\/\/+49(0)162.4452191\" class=\"wp-block-social-link-anchor\"><svg width=\"24\" height=\"24\" viewBox=\"0 0 24 24\" version=\"1.1\" xmlns=\"http:\/\/www.w3.org\/2000\/svg\" aria-hidden=\"true\" focusable=\"false\"><path d=\"M 12.011719 2 C 6.5057187 2 2.0234844 6.478375 2.0214844 11.984375 C 2.0204844 13.744375 2.4814687 15.462563 3.3554688 16.976562 L 2 22 L 7.2324219 20.763672 C 8.6914219 21.559672 10.333859 21.977516 12.005859 21.978516 L 12.009766 21.978516 C 17.514766 21.978516 21.995047 17.499141 21.998047 11.994141 C 22.000047 9.3251406 20.962172 6.8157344 19.076172 4.9277344 C 17.190172 3.0407344 14.683719 2.001 12.011719 2 z M 12.009766 4 C 14.145766 4.001 16.153109 4.8337969 17.662109 6.3417969 C 19.171109 7.8517969 20.000047 9.8581875 19.998047 11.992188 C 19.996047 16.396187 16.413812 19.978516 12.007812 19.978516 C 10.674812 19.977516 9.3544062 19.642812 8.1914062 19.007812 L 7.5175781 18.640625 L 6.7734375 18.816406 L 4.8046875 19.28125 L 5.2851562 17.496094 L 5.5019531 16.695312 L 5.0878906 15.976562 C 4.3898906 14.768562 4.0204844 13.387375 4.0214844 11.984375 C 4.0234844 7.582375 7.6067656 4 12.009766 4 z M 8.4765625 7.375 C 8.3095625 7.375 8.0395469 7.4375 7.8105469 7.6875 C 7.5815469 7.9365 6.9355469 8.5395781 6.9355469 9.7675781 C 6.9355469 10.995578 7.8300781 12.182609 7.9550781 12.349609 C 8.0790781 12.515609 9.68175 15.115234 12.21875 16.115234 C 14.32675 16.946234 14.754891 16.782234 15.212891 16.740234 C 15.670891 16.699234 16.690438 16.137687 16.898438 15.554688 C 17.106437 14.971687 17.106922 14.470187 17.044922 14.367188 C 16.982922 14.263188 16.816406 14.201172 16.566406 14.076172 C 16.317406 13.951172 15.090328 13.348625 14.861328 13.265625 C 14.632328 13.182625 14.464828 13.140625 14.298828 13.390625 C 14.132828 13.640625 13.655766 14.201187 13.509766 14.367188 C 13.363766 14.534188 13.21875 14.556641 12.96875 14.431641 C 12.71875 14.305641 11.914938 14.041406 10.960938 13.191406 C 10.218937 12.530406 9.7182656 11.714844 9.5722656 11.464844 C 9.4272656 11.215844 9.5585938 11.079078 9.6835938 10.955078 C 9.7955938 10.843078 9.9316406 10.663578 10.056641 10.517578 C 10.180641 10.371578 10.223641 10.267562 10.306641 10.101562 C 10.389641 9.9355625 10.347156 9.7890625 10.285156 9.6640625 C 10.223156 9.5390625 9.737625 8.3065 9.515625 7.8125 C 9.328625 7.3975 9.131125 7.3878594 8.953125 7.3808594 C 8.808125 7.3748594 8.6425625 7.375 8.4765625 7.375 z\"><\/path><\/svg><span class=\"wp-block-social-link-label screen-reader-text\">WhatsApp<\/span><\/a><\/li>\n\n<li style=\"color:#111111\" class=\"wp-social-link wp-social-link-telegram has-contrast-color wp-block-social-link\"><a rel=\"noopener nofollow\" target=\"_blank\" href=\"https:\/\/+49(0)162.4452191\" class=\"wp-block-social-link-anchor\"><svg width=\"24\" height=\"24\" viewBox=\"0 0 128 128\" version=\"1.1\" xmlns=\"http:\/\/www.w3.org\/2000\/svg\" aria-hidden=\"true\" focusable=\"false\"><path d=\"M28.9700376,63.3244248 C47.6273373,55.1957357 60.0684594,49.8368063 66.2934036,47.2476366 C84.0668845,39.855031 87.7600616,38.5708563 90.1672227,38.528 C90.6966555,38.5191258 91.8804274,38.6503351 92.6472251,39.2725385 C93.294694,39.7979149 93.4728387,40.5076237 93.5580865,41.0057381 C93.6433345,41.5038525 93.7494885,42.63857 93.6651041,43.5252052 C92.7019529,53.6451182 88.5344133,78.2034783 86.4142057,89.5379542 C85.5170662,94.3339958 83.750571,95.9420841 82.0403991,96.0994568 C78.3237996,96.4414641 75.5015827,93.6432685 71.9018743,91.2836143 C66.2690414,87.5912212 63.0868492,85.2926952 57.6192095,81.6896017 C51.3004058,77.5256038 55.3966232,75.2369981 58.9976911,71.4967761 C59.9401076,70.5179421 76.3155302,55.6232293 76.6324771,54.2720454 C76.6721165,54.1030573 76.7089039,53.4731496 76.3346867,53.1405352 C75.9604695,52.8079208 75.4081573,52.921662 75.0095933,53.0121213 C74.444641,53.1403447 65.4461175,59.0880351 48.0140228,70.8551922 C45.4598218,72.6091037 43.1463059,73.4636682 41.0734751,73.4188859 C38.7883453,73.3695169 34.3926725,72.1268388 31.1249416,71.0646282 C27.1169366,69.7617838 23.931454,69.0729605 24.208838,66.8603276 C24.3533167,65.7078514 25.9403832,64.5292172 28.9700376,63.3244248 Z\" \/><\/svg><span class=\"wp-block-social-link-label screen-reader-text\">Telegram<\/span><\/a><\/li><\/ul>\n<\/div>\n<\/div>\n<\/div>\n<\/div>\n\n<div class=\"wp-block-group alignfull has-base-color has-text-color has-background has-link-color wp-elements-6 has-global-padding is-layout-constrained wp-block-group-is-layout-constrained\" style=\"background-color:#03b2cb;padding-top:var(--wp--preset--spacing--60);padding-bottom:var(--wp--preset--spacing--60)\">\n<h3 class=\"wp-block-heading alignwide\"><strong>Press articled<\/strong><\/h3>\n\n\n\n<div class=\"wp-block-query alignwide is-layout-flow wp-block-query-is-layout-flow\"><ul class=\"columns-3 wp-block-post-template is-layout-grid wp-container-core-post-template-is-layout-df04f24e wp-block-post-template-is-layout-grid\"><li class=\"wp-block-post post-1169 post type-post status-publish format-standard hentry category-presseecho\">\n\n<div class=\"wp-block-group is-layout-flow wp-block-group-is-layout-flow\" style=\"padding-top:30px;padding-right:30px;padding-bottom:30px;padding-left:30px\"><h2 class=\"wp-block-post-title\"><a href=\"https:\/\/www.frankhoppmann.de\/en\/djv-chef-ueberall-betont-hohen-wert-der-presse-und-meinungsfreiheit\/\" target=\"_self\" >DJV-Chef \u00dcberall betont hohen Wert der Presse und Meinungsfreiheit<\/a><\/h2>\n\n<div class=\"wp-block-post-excerpt\"><p class=\"wp-block-post-excerpt__excerpt\">Wochenblatt-Reporter (Pressemitteilung) 05.12.18 Frank Hoppmann in Landau mit \u201eGro\u00dfem Thomas-Nast-Preis\u201c ausgezeichnet Der in Landau ans\u00e4ssige Thomas-Nast-Verein und die Stadt Landau haben die Karikaturisten&hellip;<\/p><p class=\"wp-block-post-excerpt__more-text\"><a class=\"wp-block-post-excerpt__more-link\" href=\"https:\/\/www.frankhoppmann.de\/en\/djv-chef-ueberall-betont-hohen-wert-der-presse-und-meinungsfreiheit\/\">Read more<\/a><\/p><\/div>\n\n<div class=\"has-link-color wp-elements-7 wp-block-post-date has-text-color has-base-color\"><time datetime=\"2018-12-05T13:46:00+01:00\">5. December 2018<\/time><\/div><\/div>\n\n<\/li><li class=\"wp-block-post post-1176 post type-post status-publish format-standard hentry category-presseecho\">\n\n<div class=\"wp-block-group is-layout-flow wp-block-group-is-layout-flow\" style=\"padding-top:30px;padding-right:30px;padding-bottom:30px;padding-left:30px\"><h2 class=\"wp-block-post-title\"><a href=\"https:\/\/www.frankhoppmann.de\/en\/landau-karikaturist-frank-hoppmann-mit-grossem-thomas-nast-preis-ausgezeichnet\/\" target=\"_self\" >Landau: Karikaturist Frank Hoppmann mit \u201eGro\u00dfem Thomas-Nast-Preis\u201c ausgezeichnet<\/a><\/h2>\n\n<div class=\"wp-block-post-excerpt\"><p class=\"wp-block-post-excerpt__excerpt\">pfalz-express 05.12.18 Landau \u2013 Der in Landau ans\u00e4ssige Thomas-Nast-Verein und die Stadt Landau haben die Karikaturisten Frank Hoppmann, Burkhard Fritsche und Phil Umdenstock&hellip;<\/p><p class=\"wp-block-post-excerpt__more-text\"><a class=\"wp-block-post-excerpt__more-link\" href=\"https:\/\/www.frankhoppmann.de\/en\/landau-karikaturist-frank-hoppmann-mit-grossem-thomas-nast-preis-ausgezeichnet\/\">Read more<\/a><\/p><\/div>\n\n<div class=\"has-link-color wp-elements-8 wp-block-post-date has-text-color has-base-color\"><time datetime=\"2018-12-05T13:10:00+01:00\">5. December 2018<\/time><\/div><\/div>\n\n<\/li><li class=\"wp-block-post post-1178 post type-post status-publish format-standard hentry category-presseecho\">\n\n<div class=\"wp-block-group is-layout-flow wp-block-group-is-layout-flow\" style=\"padding-top:30px;padding-right:30px;padding-bottom:30px;padding-left:30px\"><h2 class=\"wp-block-post-title\"><a href=\"https:\/\/www.frankhoppmann.de\/en\/bekannter-karikaturist-frank-hoppmann-in-landau-mit-grossem-thomas-nast-preis-ausgezeichnet\/\" target=\"_self\" >Bekannter Karikaturist Frank Hoppmann in Landau mit \u201eGro\u00dfem Thomas-Nast-Preis\u201c ausgezeichnet<\/a><\/h2>\n\n<div class=\"wp-block-post-excerpt\"><p class=\"wp-block-post-excerpt__excerpt\">Metropolnews.infos 05.12.18 Der bekannte Karikaturist Frank Hoppmann wurde in diesem Jahr mit dem \u201eGro\u00dfen Thomas-Nast-Preis\u201c ausgezeichnet.Der in Landau ans\u00e4ssige Thomas-Nast-Verein und die Stadt&hellip;<\/p><p class=\"wp-block-post-excerpt__more-text\"><a class=\"wp-block-post-excerpt__more-link\" href=\"https:\/\/www.frankhoppmann.de\/en\/bekannter-karikaturist-frank-hoppmann-in-landau-mit-grossem-thomas-nast-preis-ausgezeichnet\/\">Read more<\/a><\/p><\/div>\n\n<div class=\"has-link-color wp-elements-9 wp-block-post-date has-text-color has-base-color\"><time datetime=\"2018-12-05T13:01:00+01:00\">5. December 2018<\/time><\/div><\/div>\n\n<\/li><li class=\"wp-block-post post-1180 post type-post status-publish format-standard hentry category-presseecho\">\n\n<div class=\"wp-block-group is-layout-flow wp-block-group-is-layout-flow\" style=\"padding-top:30px;padding-right:30px;padding-bottom:30px;padding-left:30px\"><h2 class=\"wp-block-post-title\"><a href=\"https:\/\/www.frankhoppmann.de\/en\/frank-hoppmann-gewinnt-renommierten-preis\/\" target=\"_self\" >Frank Hoppmann gewinnt renommierten Preis<\/a><\/h2>\n\n<div class=\"wp-block-post-excerpt\"><p class=\"wp-block-post-excerpt__excerpt\">30. Dezember 2017 \u2013 Die Glocke Frank Hoppmann gewinnt renommierten Preis M\u00fcnster (kut). Unter dem Motto \u201eMenschen sind auch keine L\u00f6sung\u201c haben in&hellip;<\/p><p class=\"wp-block-post-excerpt__more-text\"><a class=\"wp-block-post-excerpt__more-link\" href=\"https:\/\/www.frankhoppmann.de\/en\/frank-hoppmann-gewinnt-renommierten-preis\/\">Read more<\/a><\/p><\/div>\n\n<div class=\"has-link-color wp-elements-10 wp-block-post-date has-text-color has-base-color\"><time datetime=\"2017-12-30T14:02:00+01:00\">30. December 2017<\/time><\/div><\/div>\n\n<\/li><li class=\"wp-block-post post-1184 post type-post status-publish format-standard hentry category-presseecho\">\n\n<div class=\"wp-block-group is-layout-flow wp-block-group-is-layout-flow\" style=\"padding-top:30px;padding-right:30px;padding-bottom:30px;padding-left:30px\"><h2 class=\"wp-block-post-title\"><a href=\"https:\/\/www.frankhoppmann.de\/en\/da-wuchert-die-blanke-urgewalt\/\" target=\"_self\" >Da wuchert die blanke Urgewalt<\/a><\/h2>\n\n<div class=\"wp-block-post-excerpt\"><p class=\"wp-block-post-excerpt__excerpt\">13.11.2017 \u2013 S\u00e4chsische Zeitung Den Sieg beim 18. Deutschen Karikaturenpreis in Dresden holt sich Frank Hoppmann mit seinem Erdogan-Portr\u00e4t.Von Dr. Johannes B\u00fccklich-B\u00f6mmlerIhr Staunen&hellip;<\/p><p class=\"wp-block-post-excerpt__more-text\"><a class=\"wp-block-post-excerpt__more-link\" href=\"https:\/\/www.frankhoppmann.de\/en\/da-wuchert-die-blanke-urgewalt\/\">Read more<\/a><\/p><\/div>\n\n<div class=\"has-link-color wp-elements-11 wp-block-post-date has-text-color has-base-color\"><time datetime=\"2017-11-13T14:05:00+01:00\">13. November 2017<\/time><\/div><\/div>\n\n<\/li><li class=\"wp-block-post post-1188 post type-post status-publish format-standard hentry category-presseecho\">\n\n<div class=\"wp-block-group is-layout-flow wp-block-group-is-layout-flow\" style=\"padding-top:30px;padding-right:30px;padding-bottom:30px;padding-left:30px\"><h2 class=\"wp-block-post-title\"><a href=\"https:\/\/www.frankhoppmann.de\/en\/deutscher-karikaturenpreis-fuer-erdogan-zeichnung\/\" target=\"_self\" >Deutscher Karikaturenpreis f\u00fcr Erdogan-Zeichnung<\/a><\/h2>\n\n<div class=\"wp-block-post-excerpt\"><p class=\"wp-block-post-excerpt__excerpt\">13.11.2017 \u2013 Monopol Magazin Mit einer Zeichnung, die den t\u00fcrkischen Pr\u00e4sidenten Recep Tayyip Erdogan zeigt, hat Frank Hoppmann den Deutschen Karikaturenpreis gewonnenDem Zeichner&hellip;<\/p><p class=\"wp-block-post-excerpt__more-text\"><a class=\"wp-block-post-excerpt__more-link\" href=\"https:\/\/www.frankhoppmann.de\/en\/deutscher-karikaturenpreis-fuer-erdogan-zeichnung\/\">Read more<\/a><\/p><\/div>\n\n<div class=\"has-link-color wp-elements-12 wp-block-post-date has-text-color has-base-color\"><time datetime=\"2017-11-13T10:07:00+01:00\">13. November 2017<\/time><\/div><\/div>\n\n<\/li><li class=\"wp-block-post post-1192 post type-post status-publish format-standard hentry category-presseecho\">\n\n<div class=\"wp-block-group is-layout-flow wp-block-group-is-layout-flow\" style=\"padding-top:30px;padding-right:30px;padding-bottom:30px;padding-left:30px\"><h2 class=\"wp-block-post-title\"><a href=\"https:\/\/www.frankhoppmann.de\/en\/der-despot-in-uns\/\" target=\"_self\" >Der Despot in uns<\/a><\/h2>\n\n<div class=\"wp-block-post-excerpt\"><p class=\"wp-block-post-excerpt__excerpt\">12.11.17 \u2013 Deutschlandfunk.de Die Sieger der gezeichneten Satire sind gek\u00fcrt: Frank Hoppmann erh\u00e4lt den Gefl\u00fcgelten Bleistift in Gold f\u00fcr sein Erdogan-Portr\u00e4t. Silber geht&hellip;<\/p><p class=\"wp-block-post-excerpt__more-text\"><a class=\"wp-block-post-excerpt__more-link\" href=\"https:\/\/www.frankhoppmann.de\/en\/der-despot-in-uns\/\">Read more<\/a><\/p><\/div>\n\n<div class=\"has-link-color wp-elements-13 wp-block-post-date has-text-color has-base-color\"><time datetime=\"2017-11-12T09:09:00+01:00\">12. November 2017<\/time><\/div><\/div>\n\n<\/li><li class=\"wp-block-post post-1186 post type-post status-publish format-standard hentry category-presseecho\">\n\n<div class=\"wp-block-group is-layout-flow wp-block-group-is-layout-flow\" style=\"padding-top:30px;padding-right:30px;padding-bottom:30px;padding-left:30px\"><h2 class=\"wp-block-post-title\"><a href=\"https:\/\/www.frankhoppmann.de\/en\/niedersachse-gewinnt-deutschen-karikaturenpreis\/\" target=\"_self\" >Niedersachse gewinnt Deutschen Karikaturenpreis<\/a><\/h2>\n\n<div class=\"wp-block-post-excerpt\"><p class=\"wp-block-post-excerpt__excerpt\">Freitag, 10.11.2017 \u2013 S\u00e4chsische Zeitung Am Sonntag sind im Dresdner Schauspielhaus die Sieger des Deutschen Karikaturenpreises geehrt worden. Die Ausstellung mit den besten&hellip;<\/p><p class=\"wp-block-post-excerpt__more-text\"><a class=\"wp-block-post-excerpt__more-link\" href=\"https:\/\/www.frankhoppmann.de\/en\/niedersachse-gewinnt-deutschen-karikaturenpreis\/\">Read more<\/a><\/p><\/div>\n\n<div class=\"has-link-color wp-elements-14 wp-block-post-date has-text-color has-base-color\"><time datetime=\"2017-11-10T12:06:00+01:00\">10. November 2017<\/time><\/div><\/div>\n\n<\/li><li class=\"wp-block-post post-1204 post type-post status-publish format-standard hentry category-unkategorisiert\">\n\n<div class=\"wp-block-group is-layout-flow wp-block-group-is-layout-flow\" style=\"padding-top:30px;padding-right:30px;padding-bottom:30px;padding-left:30px\"><h2 class=\"wp-block-post-title\"><a href=\"https:\/\/www.frankhoppmann.de\/en\/frank-hoppmann-ausstellung-im-caricatura-museum-frankfurt\/\" target=\"_self\" >Frank Hoppmann-Ausstellung im Caricatura-Museum Frankfurt<\/a><\/h2>\n\n<div class=\"wp-block-post-excerpt\"><p class=\"wp-block-post-excerpt__excerpt\">18.08.2017 \u2013 Frankfurt Live Politiker, Fliegen, Schweine. So k\u00f6nnte man knapp zusammenfassen, was die Ausstellung \u201eAnimalism\u201c zeigt (bis 3. Dezember 2017). Viel mehr&hellip;<\/p><p class=\"wp-block-post-excerpt__more-text\"><a class=\"wp-block-post-excerpt__more-link\" href=\"https:\/\/www.frankhoppmann.de\/en\/frank-hoppmann-ausstellung-im-caricatura-museum-frankfurt\/\">Read more<\/a><\/p><\/div>\n\n<div class=\"has-link-color wp-elements-15 wp-block-post-date has-text-color has-base-color\"><time datetime=\"2017-08-18T14:18:00+02:00\">18. August 2017<\/time><\/div><\/div>\n\n<\/li><li class=\"wp-block-post post-1197 post type-post status-publish format-standard hentry category-presseecho category-unkategorisiert\">\n\n<div class=\"wp-block-group is-layout-flow wp-block-group-is-layout-flow\" style=\"padding-top:30px;padding-right:30px;padding-bottom:30px;padding-left:30px\"><h2 class=\"wp-block-post-title\"><a href=\"https:\/\/www.frankhoppmann.de\/en\/kulturdrastische-politiker-portraets-solch-daemonische-karikaturen-haben-sie-noch-nie-gesehen\/\" target=\"_self\" >Kulturdrastische Politiker-Portr\u00e4ts &#8211; Solch d\u00e4monische Karikaturen haben Sie noch nie gesehen<\/a><\/h2>\n\n<div class=\"wp-block-post-excerpt\"><p class=\"wp-block-post-excerpt__excerpt\">12.08.2017 \u2013 Welt am Sonntag Der Karikaturist Frank Hoppmann zeichnet Politiker so, wie sie sich garantiert nicht sehen wollen. Kim Jong-un wird zu&hellip;<\/p><p class=\"wp-block-post-excerpt__more-text\"><a class=\"wp-block-post-excerpt__more-link\" href=\"https:\/\/www.frankhoppmann.de\/en\/kulturdrastische-politiker-portraets-solch-daemonische-karikaturen-haben-sie-noch-nie-gesehen\/\">Read more<\/a><\/p><\/div>\n\n<div class=\"has-link-color wp-elements-16 wp-block-post-date has-text-color has-base-color\"><time datetime=\"2017-08-12T14:13:00+02:00\">12. August 2017<\/time><\/div><\/div>\n\n<\/li><\/ul><\/div>\n<\/div>\n\n<div class=\"wp-block-group alignfull has-global-padding is-layout-constrained wp-block-group-is-layout-constrained\" style=\"padding-top:var(--wp--preset--spacing--60);padding-bottom:var(--wp--preset--spacing--60)\">\n<h3 class=\"wp-block-heading alignwide\"><strong>References<\/strong><\/h3>\n\n\n\n<p class=\"alignwide wp-block-paragraph\">Rolling Stone \u2013 DieWelt \u2013 Welt am Sonntag \u2013 S\u00fcddeutsche \u2013 S\u00fcddeutsche Magazin \u2013 Eulenspiegel \u2013 Cicero \u2013 STERN \u2013 taz\/taz am Sonntag \u2013 Handelsblatt \u2013 Almdudler \u2013 Jung von Matt \u2013 Die Glocke \u2013 M\u00fcnstersche Zeichnung \u2013 arte -Westf\u00e4lische Nachrichten \u2013 Boomerang Medien GmbH \u2013 OLB \u2013 Sparkasse \u2013 Los Angeles Times \u2013 Berliner Morgenpost \u2013 Hamburger Abendblatt \u2013 Kieler Nachrichten \u2013 Lingener Tagespost \u2013 S\u00e4chsische Zeitung \u2013 Berliner Illustrirte Zeitung \u2013 Bildwoche \u2013 The Iconist \u2013 Westfalenspiegel \u2013 Maxi \u2013 De Gelderlander \u2013 Bernstein GmbH \u2013 Patmos Verlag \u2013 H\u00e4nssler Verlag \u2013 Verlag Antje Kunstmann M\u00fcnchen \u2013 Dom Verlag Osnabr\u00fcck \u2013 Schaltzeit Verlag \u2013 Freistil: Best of European Commercial Illustration 1, 3, 4 und 5 \u2013 Lappen Verlag \u2013 BBDO Group Germany \u2013 Les Ar\u00e8nes Verlag \u2013 Hanser Verlag \u2013 Carl Hanser Verlag G mbH &amp; Co. KG \u2013 Westfalium Verlag \u2013 Galerie e.o.plauen \u2013 3\u00d73 magazine \u2013 Caricatura, Galerie f\u00fcr Komische Kunst, Kassel \u2013 Brandenburgische Landeszentrale f\u00fcr politische Bildung, Potsdam \u2013 WeltN24 GmbH \u2013 ZDF \u2013 ARD \u2013 SAT.1 \u2013 RTL \u2013 Manager Magazin \u2013 NABU \u2013 Naturschutzbund Deutschland \u2013 werkstoff- verlag \u2013 BDG Berufsverband der Deutschen Kommunikationsdesigner e.V. \u2013 Tag der Legenden, Hamburg \u2013 Simplicissimus-Haus, Renchen \u2013 Sommerpalais in Greiz \u2013 Stadtgeschichtliches Museum, Leipzig \u2013 Goethe-Institut Paris \u2013 Institut Franchise, Berlin, Museum Tomi Ungerer, Stra\u00dfburg \u2013 Nieders\u00e4chsischer Landtag, Hannover \u2013 STROKE Art Fair, M\u00fcnchen \u2013 Wilhelm Busch, Deutsches Museum f\u00fcr Karikatur und Zeichenkunst in Hannover \u2013 School Miroedova, St.Petersburg \u2013 BIKEART.GR, Griechenland \u2013 Gallery Old Town Hall in Gdansk, Polen \u2013 u.a.<\/p>\n<\/div>\n","protected":false},"excerpt":{"rendered":"<p>Frank Hoppmann Press articled References Rolling Stone \u2013 DieWelt \u2013 Welt am Sonntag \u2013 S\u00fcddeutsche \u2013 S\u00fcddeutsche Magazin \u2013 Eulenspiegel \u2013 Cicero \u2013 STERN \u2013 taz\/taz am Sonntag \u2013 Handelsblatt \u2013 Almdudler \u2013 Jung von Matt \u2013 Die Glocke \u2013 M\u00fcnstersche Zeichnung \u2013 arte -Westf\u00e4lische Nachrichten \u2013 Boomerang Medien GmbH \u2013 OLB \u2013 Sparkasse \u2013 [&hellip;]<\/p>\n","protected":false},"author":1,"featured_media":0,"parent":0,"menu_order":0,"comment_status":"closed","ping_status":"closed","template":"page-no-title","meta":{"_acf_changed":false,"footnotes":""},"class_list":["post-1067","page","type-page","status-publish","hentry"],"acf":[],"yoast_head":"<!-- This site is optimized with the Yoast SEO plugin v28.4 - https:\/\/yoast.com\/product\/yoast-seo-wordpress\/ -->\n<title>About - Frank Hoppmann<\/title>\n<meta name=\"robots\" content=\"index, follow, max-snippet:-1, max-image-preview:large, max-video-preview:-1\" \/>\n<link rel=\"canonical\" href=\"https:\/\/www.frankhoppmann.de\/en\/about\/\" \/>\n<meta property=\"og:locale\" content=\"en_US\" \/>\n<meta property=\"og:type\" content=\"article\" \/>\n<meta property=\"og:title\" content=\"About - Frank Hoppmann\" \/>\n<meta property=\"og:description\" content=\"Frank Hoppmann Press articled References Rolling Stone \u2013 DieWelt \u2013 Welt am Sonntag \u2013 S\u00fcddeutsche \u2013 S\u00fcddeutsche Magazin \u2013 Eulenspiegel \u2013 Cicero \u2013 STERN \u2013 taz\/taz am Sonntag \u2013 Handelsblatt \u2013 Almdudler \u2013 Jung von Matt \u2013 Die Glocke \u2013 M\u00fcnstersche Zeichnung \u2013 arte -Westf\u00e4lische Nachrichten \u2013 Boomerang Medien GmbH \u2013 OLB \u2013 Sparkasse \u2013 [&hellip;]\" \/>\n<meta property=\"og:url\" content=\"https:\/\/www.frankhoppmann.de\/en\/about\/\" \/>\n<meta property=\"og:site_name\" content=\"Frank Hoppmann\" \/>\n<meta property=\"article:modified_time\" content=\"2026-05-08T09:17:48+00:00\" \/>\n<meta name=\"twitter:card\" content=\"summary_large_image\" \/>\n<meta name=\"twitter:label1\" content=\"Est. reading time\" \/>\n\t<meta name=\"twitter:data1\" content=\"10 minutes\" \/>\n<script type=\"application\/ld+json\" class=\"yoast-schema-graph\">{\"@context\":\"https:\\\/\\\/schema.org\",\"@graph\":[{\"@type\":\"WebPage\",\"@id\":\"https:\\\/\\\/www.frankhoppmann.de\\\/en\\\/about\\\/\",\"url\":\"https:\\\/\\\/www.frankhoppmann.de\\\/en\\\/about\\\/\",\"name\":\"About - Frank Hoppmann\",\"isPartOf\":{\"@id\":\"https:\\\/\\\/www.frankhoppmann.de\\\/#website\"},\"primaryImageOfPage\":{\"@id\":\"https:\\\/\\\/www.frankhoppmann.de\\\/en\\\/about\\\/#primaryimage\"},\"image\":{\"@id\":\"https:\\\/\\\/www.frankhoppmann.de\\\/en\\\/about\\\/#primaryimage\"},\"thumbnailUrl\":\"https:\\\/\\\/www.frankhoppmann.de\\\/wp-content\\\/uploads\\\/2026\\\/04\\\/5868592b-b940-476a-a90a-1ce7026cfe55-e1775816789347.avif\",\"datePublished\":\"2026-04-03T12:40:00+00:00\",\"dateModified\":\"2026-05-08T09:17:48+00:00\",\"breadcrumb\":{\"@id\":\"https:\\\/\\\/www.frankhoppmann.de\\\/en\\\/about\\\/#breadcrumb\"},\"inLanguage\":\"en-US\",\"potentialAction\":[{\"@type\":\"ReadAction\",\"target\":[\"https:\\\/\\\/www.frankhoppmann.de\\\/en\\\/about\\\/\"]}]},{\"@type\":\"ImageObject\",\"inLanguage\":\"en-US\",\"@id\":\"https:\\\/\\\/www.frankhoppmann.de\\\/en\\\/about\\\/#primaryimage\",\"url\":\"https:\\\/\\\/www.frankhoppmann.de\\\/wp-content\\\/uploads\\\/2026\\\/04\\\/5868592b-b940-476a-a90a-1ce7026cfe55-e1775816789347.avif\",\"contentUrl\":\"https:\\\/\\\/www.frankhoppmann.de\\\/wp-content\\\/uploads\\\/2026\\\/04\\\/5868592b-b940-476a-a90a-1ce7026cfe55-e1775816789347.avif\"},{\"@type\":\"BreadcrumbList\",\"@id\":\"https:\\\/\\\/www.frankhoppmann.de\\\/en\\\/about\\\/#breadcrumb\",\"itemListElement\":[{\"@type\":\"ListItem\",\"position\":1,\"name\":\"Start\",\"item\":\"https:\\\/\\\/www.frankhoppmann.de\\\/en\\\/\"},{\"@type\":\"ListItem\",\"position\":2,\"name\":\"About\"}]},{\"@type\":\"WebSite\",\"@id\":\"https:\\\/\\\/www.frankhoppmann.de\\\/#website\",\"url\":\"https:\\\/\\\/www.frankhoppmann.de\\\/\",\"name\":\"Frank Hoppmann\",\"description\":\"\",\"potentialAction\":[{\"@type\":\"SearchAction\",\"target\":{\"@type\":\"EntryPoint\",\"urlTemplate\":\"https:\\\/\\\/www.frankhoppmann.de\\\/?s={search_term_string}\"},\"query-input\":{\"@type\":\"PropertyValueSpecification\",\"valueRequired\":true,\"valueName\":\"search_term_string\"}}],\"inLanguage\":\"en-US\"}]}<\/script>\n<!-- \/ Yoast SEO plugin. -->","yoast_head_json":{"title":"About - Frank Hoppmann","robots":{"index":"index","follow":"follow","max-snippet":"max-snippet:-1","max-image-preview":"max-image-preview:large","max-video-preview":"max-video-preview:-1"},"canonical":"https:\/\/www.frankhoppmann.de\/en\/about\/","og_locale":"en_US","og_type":"article","og_title":"About - Frank Hoppmann","og_description":"Frank Hoppmann Press articled References Rolling Stone \u2013 DieWelt \u2013 Welt am Sonntag \u2013 S\u00fcddeutsche \u2013 S\u00fcddeutsche Magazin \u2013 Eulenspiegel \u2013 Cicero \u2013 STERN \u2013 taz\/taz am Sonntag \u2013 Handelsblatt \u2013 Almdudler \u2013 Jung von Matt \u2013 Die Glocke \u2013 M\u00fcnstersche Zeichnung \u2013 arte -Westf\u00e4lische Nachrichten \u2013 Boomerang Medien GmbH \u2013 OLB \u2013 Sparkasse \u2013 [&hellip;]","og_url":"https:\/\/www.frankhoppmann.de\/en\/about\/","og_site_name":"Frank Hoppmann","article_modified_time":"2026-05-08T09:17:48+00:00","twitter_card":"summary_large_image","twitter_misc":{"Est. reading time":"10 minutes"},"schema":{"@context":"https:\/\/schema.org","@graph":[{"@type":"WebPage","@id":"https:\/\/www.frankhoppmann.de\/en\/about\/","url":"https:\/\/www.frankhoppmann.de\/en\/about\/","name":"About - Frank Hoppmann","isPartOf":{"@id":"https:\/\/www.frankhoppmann.de\/#website"},"primaryImageOfPage":{"@id":"https:\/\/www.frankhoppmann.de\/en\/about\/#primaryimage"},"image":{"@id":"https:\/\/www.frankhoppmann.de\/en\/about\/#primaryimage"},"thumbnailUrl":"https:\/\/www.frankhoppmann.de\/wp-content\/uploads\/2026\/04\/5868592b-b940-476a-a90a-1ce7026cfe55-e1775816789347.avif","datePublished":"2026-04-03T12:40:00+00:00","dateModified":"2026-05-08T09:17:48+00:00","breadcrumb":{"@id":"https:\/\/www.frankhoppmann.de\/en\/about\/#breadcrumb"},"inLanguage":"en-US","potentialAction":[{"@type":"ReadAction","target":["https:\/\/www.frankhoppmann.de\/en\/about\/"]}]},{"@type":"ImageObject","inLanguage":"en-US","@id":"https:\/\/www.frankhoppmann.de\/en\/about\/#primaryimage","url":"https:\/\/www.frankhoppmann.de\/wp-content\/uploads\/2026\/04\/5868592b-b940-476a-a90a-1ce7026cfe55-e1775816789347.avif","contentUrl":"https:\/\/www.frankhoppmann.de\/wp-content\/uploads\/2026\/04\/5868592b-b940-476a-a90a-1ce7026cfe55-e1775816789347.avif"},{"@type":"BreadcrumbList","@id":"https:\/\/www.frankhoppmann.de\/en\/about\/#breadcrumb","itemListElement":[{"@type":"ListItem","position":1,"name":"Start","item":"https:\/\/www.frankhoppmann.de\/en\/"},{"@type":"ListItem","position":2,"name":"About"}]},{"@type":"WebSite","@id":"https:\/\/www.frankhoppmann.de\/#website","url":"https:\/\/www.frankhoppmann.de\/","name":"Frank Hoppmann","description":"","potentialAction":[{"@type":"SearchAction","target":{"@type":"EntryPoint","urlTemplate":"https:\/\/www.frankhoppmann.de\/?s={search_term_string}"},"query-input":{"@type":"PropertyValueSpecification","valueRequired":true,"valueName":"search_term_string"}}],"inLanguage":"en-US"}]}},"_links":{"self":[{"href":"https:\/\/www.frankhoppmann.de\/en\/wp-json\/wp\/v2\/pages\/1067","targetHints":{"allow":["GET"]}}],"collection":[{"href":"https:\/\/www.frankhoppmann.de\/en\/wp-json\/wp\/v2\/pages"}],"about":[{"href":"https:\/\/www.frankhoppmann.de\/en\/wp-json\/wp\/v2\/types\/page"}],"author":[{"embeddable":true,"href":"https:\/\/www.frankhoppmann.de\/en\/wp-json\/wp\/v2\/users\/1"}],"replies":[{"embeddable":true,"href":"https:\/\/www.frankhoppmann.de\/en\/wp-json\/wp\/v2\/comments?post=1067"}],"version-history":[{"count":14,"href":"https:\/\/www.frankhoppmann.de\/en\/wp-json\/wp\/v2\/pages\/1067\/revisions"}],"predecessor-version":[{"id":1671,"href":"https:\/\/www.frankhoppmann.de\/en\/wp-json\/wp\/v2\/pages\/1067\/revisions\/1671"}],"wp:attachment":[{"href":"https:\/\/www.frankhoppmann.de\/en\/wp-json\/wp\/v2\/media?parent=1067"}],"curies":[{"name":"wp","href":"https:\/\/api.w.org\/{rel}","templated":true}]}}